{"id":13,"date":"2014-09-18T23:38:55","date_gmt":"2014-09-18T23:38:55","guid":{"rendered":"https:\/\/teresamarcelino.pt\/copia\/?page_id=13"},"modified":"2021-08-23T13:35:28","modified_gmt":"2021-08-23T13:35:28","slug":"informacao-pessoal","status":"publish","type":"page","link":"https:\/\/teresamarcelino.pt\/copia\/?page_id=13","title":{"rendered":"Informa\u00e7\u00e3o Pessoal"},"content":{"rendered":"<p><a href=\"\">Dados Pessoais<\/a><br \/>\n\t\t\t\t\t\t\t\t\t<a href=\"\">Dados Recrutamento Docente<\/a><br \/>\n\t\t\t\t\t\t\t\t\t<a href=\"\">Acredita\u00e7\u00f5es, Certifica\u00e7\u00f5es, C\u00e9dulas profissionais<\/a><br \/>\n\t\t\t\t\t\t\t\t\tDados Pessoais<\/p>\n<p><strong>Nome<\/strong>: Teresa Maria Rodrigues Marcelino<\/p>\n<p><strong>Data de Nascimento:<\/strong> 20 de Fevereiro de 1986<\/p>\n<p><strong>E-mail:<\/strong><\/p>\n<ul>\n<li>geral@teresamarcelino.com<\/li>\n<li>temarcelino@gmail.com<\/li>\n<\/ul>\n<p>\t\t\t\t\t\t\t\t\tDados Recrutamento Docente<\/p>\n<p><strong>C\u00f3digo de Recrutamento:<\/strong> 550 &#8211; Inform\u00e1tica<\/p>\n<p><strong>Tempo de Servi\u00e7o antes da Profissionaliza\u00e7\u00e3o:<\/strong> 2054 dias<\/p>\n<p><strong>C\u00f3digo DGAE:<\/strong> 5760932756\u00a0<\/p>\n<p>\t\t\t\t\t\t\t\t\tAcredita\u00e7\u00f5es, Certifica\u00e7\u00f5es, C\u00e9dulas profissionais<\/p>\n<p>CCP de Formador n\u00ba EDF 528405\/2010 DL<\/p>\n<p><a href=\"https:\/\/teresamarcelino.pt\/copia\/wp-content\/uploads\/2019\/09\/digitalizar0001.jpg\"><img loading=\"lazy\" src=\"https:\/\/teresamarcelino.pt\/copia\/wp-content\/uploads\/2019\/09\/digitalizar0001-218x300.jpg\" alt=\"\" width=\"218\" height=\"300\" \/><\/a><\/p>\n<p>Certificado de Compet\u00eancias Digitais n\u00ba 38431\/2011<\/p>\n<p><a href=\"https:\/\/teresamarcelino.pt\/copia\/wp-content\/uploads\/2019\/09\/digitalizar0003.jpg\"><img loading=\"lazy\" src=\"https:\/\/teresamarcelino.pt\/copia\/wp-content\/uploads\/2019\/09\/digitalizar0003-184x300.jpg\" alt=\"\" width=\"184\" height=\"300\" \/><\/a><\/p>\n<p>Certificado de Registo de Formador (Conselho Cient\u00edfico-Pedag\u00f3gico da Forma\u00e7\u00e3o Cont\u00ednua), registo de acredita\u00e7\u00e3o CCPF\/RFO-39320\/19, nas \u00e1reas:<\/p>\n<ul>\n<li>Tecnologias e Comunica\u00e7\u00e3o Educativa<\/li>\n<li>Tecnologias Educativas (Inform\u00e1tica\/ Aplica\u00e7\u00e3o da Inform\u00e1tica\/ Meios Audiovisuais)<\/li>\n<\/ul>\n<p><a href=\"https:\/\/teresamarcelino.pt\/copia\/wp-content\/uploads\/2019\/09\/registo-formador.jpeg\"><img loading=\"lazy\" src=\"https:\/\/teresamarcelino.pt\/copia\/wp-content\/uploads\/2019\/09\/registo-formador-218x300.jpeg\" alt=\"\" width=\"218\" height=\"300\" \/><\/a><\/p>\n","protected":false},"excerpt":{"rendered":"<p>Dados Pessoais Dados Recrutamento Docente Acredita\u00e7\u00f5es, Certifica\u00e7\u00f5es, C\u00e9dulas profissionais Dados Pessoais Nome: Teresa Maria Rodrigues Marcelino Data de Nascimento: 20 de Fevereiro de 1986 E-mail: geral@teresamarcelino.com temarcelino@gmail.com Dados Recrutamento Docente C\u00f3digo de Recrutamento: 550 &#8211; Inform\u00e1tica Tempo de Servi\u00e7o antes da Profissionaliza\u00e7\u00e3o: 2054 dias C\u00f3digo DGAE: 5760932756\u00a0 Acredita\u00e7\u00f5es, Certifica\u00e7\u00f5es, C\u00e9dulas&#8230; <a href=\"https:\/\/teresamarcelino.pt\/copia\/?page_id=13\"> Continue reading <span class=\"meta-nav\">&rarr; <\/span><\/a><\/p>\n","protected":false},"author":1,"featured_media":0,"parent":0,"menu_order":0,"comment_status":"open","ping_status":"open","template":"","meta":[],"_links":{"self":[{"href":"https:\/\/teresamarcelino.pt\/copia\/index.php?rest_route=\/wp\/v2\/pages\/13"}],"collection":[{"href":"https:\/\/teresamarcelino.pt\/copia\/index.php?rest_route=\/wp\/v2\/pages"}],"about":[{"href":"https:\/\/teresamarcelino.pt\/copia\/index.php?rest_route=\/wp\/v2\/types\/page"}],"author":[{"embeddable":true,"href":"https:\/\/teresamarcelino.pt\/copia\/index.php?rest_route=\/wp\/v2\/users\/1"}],"replies":[{"embeddable":true,"href":"https:\/\/teresamarcelino.pt\/copia\/index.php?rest_route=%2Fwp%2Fv2%2Fcomments&post=13"}],"version-history":[{"count":29,"href":"https:\/\/teresamarcelino.pt\/copia\/index.php?rest_route=\/wp\/v2\/pages\/13\/revisions"}],"predecessor-version":[{"id":366,"href":"https:\/\/teresamarcelino.pt\/copia\/index.php?rest_route=\/wp\/v2\/pages\/13\/revisions\/366"}],"wp:attachment":[{"href":"https:\/\/teresamarcelino.pt\/copia\/index.php?rest_route=%2Fwp%2Fv2%2Fmedia&parent=13"}],"curies":[{"name":"wp","href":"https:\/\/api.w.org\/{rel}","templated":true}]}}