{"id":82,"date":"2014-09-19T10:51:36","date_gmt":"2014-09-19T10:51:36","guid":{"rendered":"https:\/\/teresamarcelino.pt\/copia\/?page_id=82"},"modified":"2021-08-23T13:42:58","modified_gmt":"2021-08-23T13:42:58","slug":"docente","status":"publish","type":"page","link":"https:\/\/teresamarcelino.pt\/copia\/?page_id=82","title":{"rendered":"Docente"},"content":{"rendered":"<p><a href=\"\">Cargos<\/a><br \/>\n\t\t\t\t\t\t\t\t\t<a href=\"\">N\u00edveis de Ensino<\/a><br \/>\n\t\t\t\t\t\t\t\t\t<a href=\"\">Atividades Desenvolvidas<\/a><br \/>\n\t\t\t\t\t\t\t\t\t<a href=\"\">Avalia\u00e7\u00e3o de Desempenho<\/a><br \/>\n\t\t\t\t\t\t\t\t\tCargos<\/p>\n<table width=\"100%\">\n<tbody>\n<tr>\n<td width=\"50%\">\n<p><strong>Cargo<\/strong><\/p>\n<\/td>\n<td width=\"15%\">\n<p><strong>Ano Letivo<\/strong><\/p>\n<\/td>\n<td width=\"34%\">\n<p><strong>Institui\u00e7\u00e3o<\/strong><\/p>\n<\/td>\n<\/tr>\n<tr>\n<td width=\"50%\">\n<p>Diretora de Turma<\/p>\n<\/td>\n<td width=\"15%\">\n<p>2011\/2012<\/p>\n<\/td>\n<td width=\"34%\">\n<p>Escola Secund\u00e1ria do Monte de Caparica<\/p>\n<\/td>\n<\/tr>\n<tr>\n<td width=\"50%\">\n<p>Coordenadora T\u00e9cnica do PTE<\/p>\n<\/td>\n<td width=\"15%\">\n<p>2009\/2010<\/p>\n<\/td>\n<td width=\"34%\">\n<p>Escola B\u00e1sica Integrada do Cou\u00e7o<\/p>\n<\/td>\n<\/tr>\n<tr>\n<td rowspan=\"4\" width=\"50%\">\n<p>Membro equipa TIC\/ PTE<\/p>\n<\/td>\n<td width=\"15%\">\n<p>2008\/2009<\/p>\n<\/td>\n<td width=\"34%\">\n<p>Escola Secund\u00e1ria do Cartaxo<\/p>\n<\/td>\n<\/tr>\n<tr>\n<td width=\"15%\">\n<p>2009\/2010<\/p>\n<\/td>\n<td width=\"34%\">\n<p>Escola B\u00e1sica Integrada do Cou\u00e7o<\/p>\n<\/td>\n<\/tr>\n<tr>\n<td width=\"15%\">\n<p>2010\/2011<\/p>\n<\/td>\n<td width=\"34%\">\n<p>Escola B\u00e1sica Jo\u00e3o Villaret<\/p>\n<\/td>\n<\/tr>\n<tr>\n<td width=\"15%\">\n<p>2011\/2012<\/p>\n<\/td>\n<td width=\"34%\">\n<p>Escola Secund\u00e1ria do Monte de Caparica<\/p>\n<\/td>\n<\/tr>\n<tr>\n<td width=\"50%\">\n<p>Unidade de aferi\u00e7\u00e3o \u2013 PAEB<\/p>\n<\/td>\n<td width=\"15%\">\n<p>2008\/2009<\/p>\n<\/td>\n<td width=\"34%\">\n<p>Escola Secund\u00e1ria do Cartaxo<\/p>\n<\/td>\n<\/tr>\n<tr>\n<td rowspan=\"2\" width=\"50%\">\n<p>Exames Nacionais \u2013 ENEB<\/p>\n<\/td>\n<td width=\"15%\">\n<p>2008\/2009<\/p>\n<\/td>\n<td width=\"34%\">\n<p>Escola Secund\u00e1ria do Cartaxo<\/p>\n<\/td>\n<\/tr>\n<tr>\n<td width=\"15%\">\n<p>2010\/2011<\/p>\n<\/td>\n<td width=\"34%\">\n<p>Escola B\u00e1sica Jo\u00e3o Villaret<\/p>\n<\/td>\n<\/tr>\n<tr>\n<td rowspan=\"3\" width=\"50%\">\n<p>Secret\u00e1ria de Conselho de Turma<\/p>\n<\/td>\n<td width=\"15%\">\n<p>2008\/2009<\/p>\n<\/td>\n<td width=\"34%\">\n<p>Escola Secund\u00e1ria do Cartaxo<\/p>\n<\/td>\n<\/tr>\n<tr>\n<td width=\"15%\">\n<p>2009\/2010<\/p>\n<\/td>\n<td width=\"34%\">\n<p>Escola B\u00e1sica Integrada do Cou\u00e7o<\/p>\n<\/td>\n<\/tr>\n<tr>\n<td width=\"15%\">\n<p>2010\/2011<\/p>\n<\/td>\n<td width=\"34%\">\n<p>Escola B\u00e1sica Jo\u00e3o Villaret<\/p>\n<\/td>\n<\/tr>\n<tr>\n<td rowspan=\"2\" width=\"50%\">\n<p>Gestora Plataforma Moodle<\/p>\n<\/td>\n<td width=\"15%\">\n<p>2009\/2010<\/p>\n<\/td>\n<td width=\"34%\">\n<p>Escola B\u00e1sica Integrada do Cou\u00e7o<\/p>\n<\/td>\n<\/tr>\n<tr>\n<td width=\"15%\">\n<p>2010\/2011<\/p>\n<\/td>\n<td width=\"34%\">\n<p>Escola B\u00e1sica Jo\u00e3o Villaret<\/p>\n<\/td>\n<\/tr>\n<tr>\n<td width=\"50%\">\n<p>Realiza\u00e7\u00e3o da Prova de avalia\u00e7\u00e3o final do Curso de Instala\u00e7\u00e3o e Repara\u00e7\u00e3o de Computadores<\/p>\n<\/td>\n<td width=\"15%\">\n<p>2010\/2011<\/p>\n<\/td>\n<td width=\"34%\">\n<p>Escola B\u00e1sica Jo\u00e3o Villaret<\/p>\n<\/td>\n<\/tr>\n<tr>\n<td width=\"50%\">\n<p>Realiza\u00e7\u00e3o do Exame de Equival\u00eancia \u00e0 Frequ\u00eancia de Tecnologias da Informa\u00e7\u00e3o e Comunica\u00e7\u00e3o \u2013 9\u00ba ano<\/p>\n<\/td>\n<td width=\"15%\">\n<p>2010\/2011<\/p>\n<\/td>\n<td width=\"34%\">\n<p>Escola B\u00e1sica Jo\u00e3o Villaret<\/p>\n<\/td>\n<\/tr>\n<tr>\n<td rowspan=\"4\" width=\"50%\">\n<p>Orienta\u00e7\u00e3o da Prova de Aptid\u00e3o Profissional do Curso Profissional de Multim\u00e9dia<\/p>\n<\/td>\n<td width=\"15%\">\n<p>2011\/2012<\/p>\n<\/td>\n<td width=\"34%\">\n<p>Escola Secund\u00e1ria do Monte de Caparica<\/p>\n<\/td>\n<\/tr>\n<tr>\n<td width=\"15%\">\n<p>2018\/2019<\/p>\n<\/td>\n<td width=\"34%\">\n<p>Agrupamento de Escolas de Almeirim<\/p>\n<\/td>\n<\/tr>\n<tr>\n<td width=\"15%\">\n<p>2019\/2020<\/p>\n<\/td>\n<td width=\"34%\">\n<p>Agrupamento de Escolas de Almeirim<\/p>\n<\/td>\n<\/tr>\n<tr>\n<td width=\"15%\">\n<p>2020\/2021<\/p>\n<\/td>\n<td width=\"34%\">\n<p>Agrupamento de Escolas de Almeirim<\/p>\n<\/td>\n<\/tr>\n<tr>\n<td rowspan=\"2\" width=\"50%\">\n<p>Orienta\u00e7\u00e3o FCT &#8211; Curso Profissional de Multim\u00e9dia<\/p>\n<\/td>\n<td width=\"15%\">\n<p>2018\/2019<\/p>\n<\/td>\n<td width=\"34%\">\n<p>Agrupamento de Escolas de Almeirim<\/p>\n<\/td>\n<\/tr>\n<tr>\n<td width=\"15%\">\n<p>2020\/2021<\/p>\n<\/td>\n<td width=\"34%\">\n<p>Agrupamento de Escolas de Almeirim<\/p>\n<\/td>\n<\/tr>\n<tr>\n<td width=\"50%\">\n<p>Orienta\u00e7\u00e3o FCT &#8211; Curso Profissional de Multim\u00e9dia \u2013 Pr\u00e1tica Simulada<\/p>\n<\/td>\n<td width=\"15%\">\n<p>2019\/2020<\/p>\n<\/td>\n<td width=\"34%\">\n<p>Agrupamento de Escolas de Almeirim<\/p>\n<\/td>\n<\/tr>\n<tr>\n<td width=\"50%\">\n<p>Realiza\u00e7\u00e3o da Prova de Equival\u00eancia \u00e0 Frequ\u00eancia do 2.\u00ba ciclo do ensino b\u00e1sico &#8211; TIC<\/p>\n<\/td>\n<td width=\"15%\">\n<p>2019\/2020<\/p>\n<\/td>\n<td width=\"34%\">\n<p>Agrupamento de Escolas Gil Vicente<\/p>\n<\/td>\n<\/tr>\n<tr>\n<td rowspan=\"3\" width=\"50%\">\n<p>Grava\u00e7\u00e3o das Provas de Aptid\u00e3o Profissional dos Cursos Profissionais<\/p>\n<\/td>\n<td width=\"15%\">\n<p>2018\/2019<\/p>\n<\/td>\n<td width=\"34%\">\n<p>Agrupamento de Escolas de Almeirim<\/p>\n<\/td>\n<\/tr>\n<tr>\n<td width=\"15%\">\n<p>2019\/2020<\/p>\n<\/td>\n<td width=\"34%\">\n<p>Agrupamento de Escolas de Almeirim<\/p>\n<\/td>\n<\/tr>\n<tr>\n<td width=\"15%\">\n<p>2020\/2021<\/p>\n<\/td>\n<td width=\"34%\">\n<p>Agrupamento de Escolas de Almeirim<\/p>\n<\/td>\n<\/tr>\n<\/tbody>\n<\/table>\n<p>\t\t\t\t\t\t\t\t\tN\u00edveis de Ensino<\/p>\n<table width=\"605\">\n<tbody>\n<tr>\n<td width=\"265\">\n<p><strong>Disciplina\/ M\u00f3dulo\/ Horas<\/strong><\/p>\n<\/td>\n<td width=\"94\">\n<p><strong>Ano Letivo<\/strong><\/p>\n<\/td>\n<td width=\"151\">\n<p><strong>Institui\u00e7\u00e3o<\/strong><\/p>\n<\/td>\n<td width=\"94\">\n<p><strong>Carga Hor\u00e1ria Semanal<\/strong><\/p>\n<\/td>\n<\/tr>\n<tr>\n<td width=\"265\">\n<p><strong>\u00c1rea Projeto<\/strong><\/p>\n<\/td>\n<td width=\"94\">\u00a0<\/td>\n<td width=\"151\">\u00a0<\/td>\n<td width=\"94\">\u00a0<\/td>\n<\/tr>\n<tr>\n<td rowspan=\"2\" width=\"265\">\n<p><strong>8\u00ba Ano<\/strong><\/p>\n<\/td>\n<td width=\"94\">\n<p>2008\/2009<\/p>\n<\/td>\n<td width=\"151\">\n<p>Escola Secund\u00e1ria do Cartaxo<\/p>\n<\/td>\n<td width=\"94\">\n<p>10 T<\/p>\n<\/td>\n<\/tr>\n<tr>\n<td width=\"94\">\n<p>2010\/2011<\/p>\n<\/td>\n<td width=\"151\">\n<p>Escola B\u00e1sica Jo\u00e3o Villaret<\/p>\n<\/td>\n<td width=\"94\">\n<p>4 T<\/p>\n<\/td>\n<\/tr>\n<tr>\n<td width=\"265\">\n<p><strong>TIC<\/strong><\/p>\n<\/td>\n<td width=\"94\">\u00a0<\/td>\n<td width=\"151\">\u00a0<\/td>\n<td width=\"94\">\u00a0<\/td>\n<\/tr>\n<tr>\n<td rowspan=\"2\" width=\"265\">\n<p><strong>RVCC<\/strong><\/p>\n<\/td>\n<td width=\"94\">\n<p>2009\/2010<\/p>\n<\/td>\n<td width=\"151\">\n<p>Escola Secund\u00e1ria S\u00e1 da Bandeira<\/p>\n<\/td>\n<td width=\"94\">\n<p>6 T<\/p>\n<\/td>\n<\/tr>\n<tr>\n<td width=\"94\">\n<p>2011\/2012<\/p>\n<\/td>\n<td width=\"151\">\n<p>Escola Secund\u00e1ria do Monte de Caparica<\/p>\n<\/td>\n<td width=\"94\">\n<p>6 T<\/p>\n<\/td>\n<\/tr>\n<tr>\n<td width=\"265\">\n<p><strong>5\u00ba Ano<\/strong><\/p>\n<\/td>\n<td width=\"94\">\n<p>2019\/2020<\/p>\n<\/td>\n<td width=\"151\">\n<p>Agrupamento de Escolas Gil Vicente<\/p>\n<\/td>\n<td width=\"94\">\n<p>2 T<\/p>\n<\/td>\n<\/tr>\n<tr>\n<td width=\"265\">\n<p><strong>6\u00ba Ano<\/strong><\/p>\n<\/td>\n<td width=\"94\">\n<p>2019\/2020<\/p>\n<\/td>\n<td width=\"151\">\n<p>Agrupamento de Escolas Gil Vicente<\/p>\n<\/td>\n<td width=\"94\">\n<p>1 T<\/p>\n<\/td>\n<\/tr>\n<tr>\n<td width=\"265\">\n<p><strong>7\u00ba Ano<\/strong><\/p>\n<\/td>\n<td width=\"94\">\n<p>2019\/2020<\/p>\n<\/td>\n<td width=\"151\">\n<p>Agrupamento de Escolas Gil Vicente<\/p>\n<\/td>\n<td width=\"94\">\n<p>1 T<\/p>\n<\/td>\n<\/tr>\n<tr>\n<td rowspan=\"2\" width=\"265\">\n<p><strong>8\u00ba Ano<\/strong><\/p>\n<\/td>\n<td width=\"94\">\n<p>2010\/2011<\/p>\n<\/td>\n<td width=\"151\">\n<p>Escola B\u00e1sica Jo\u00e3o Villaret<\/p>\n<\/td>\n<td width=\"94\">\n<p>4 T<\/p>\n<\/td>\n<\/tr>\n<tr>\n<td width=\"94\">\n<p>2019\/2020<\/p>\n<\/td>\n<td width=\"151\">\n<p>Agrupamento de Escolas Gil Vicente<\/p>\n<\/td>\n<td width=\"94\">\n<p>4 T<\/p>\n<\/td>\n<\/tr>\n<tr>\n<td width=\"265\">\n<p><strong>PCA<\/strong> <strong>6\u00ba ano<\/strong><\/p>\n<p>(Percurso Curricular Alternativo)<\/p>\n<\/td>\n<td width=\"94\">\n<p>2010\/2011<\/p>\n<\/td>\n<td width=\"151\">\n<p>Escola B\u00e1sica Jo\u00e3o Villaret<\/p>\n<\/td>\n<td width=\"94\">\n<p>2 T<\/p>\n<\/td>\n<\/tr>\n<tr>\n<td width=\"265\">\n<p><strong>TIC<\/strong><\/p>\n<p><em>49 horas<\/em><\/p>\n<p>\u00b7\u00a0\u00a0\u00a0\u00a0\u00a0\u00a0\u00a0\u00a0 <em>m\u00f3dulo 4: Cria\u00e7\u00e3o de apresenta\u00e7\u00f5es \u2013 20 horas<\/em><\/p>\n<p>\u00b7\u00a0\u00a0\u00a0\u00a0\u00a0\u00a0\u00a0\u00a0 <em>m\u00f3dulo A2: Cria\u00e7\u00e3o de p\u00e1ginas Web \u2013 16 Horas<\/em><\/p>\n<p>\u00b7\u00a0\u00a0\u00a0\u00a0\u00a0\u00a0\u00a0\u00a0 <em>m\u00f3dulo A3: Sistema Operativo Linux \u2013 13 horas<\/em><\/p>\n<p><strong><em>9\u00ba ano CEF de Eletricistas<\/em><\/strong><\/p>\n<\/td>\n<td width=\"94\">\n<p>2011\/2012<\/p>\n<\/td>\n<td width=\"151\">\n<p>Escola Secund\u00e1ria do Monte de Caparica<\/p>\n<\/td>\n<td width=\"94\">\n<p>2 T<\/p>\n<\/td>\n<\/tr>\n<tr>\n<td width=\"265\">\n<p><strong>Sistema de Gest\u00e3o de Base de Dados<\/strong><\/p>\n<\/td>\n<td width=\"94\">\u00a0<\/td>\n<td width=\"151\">\u00a0<\/td>\n<td width=\"94\">\u00a0<\/td>\n<\/tr>\n<tr>\n<td width=\"265\">\n<p><em>90 horas <\/em><\/p>\n<p>\u00b7\u00a0\u00a0\u00a0\u00a0\u00a0\u00a0\u00a0\u00a0 <em>m\u00f3dulo I \u2013 Utiliza\u00e7\u00e3o de um sistema de gest\u00e3o de base de dados- 90 horas<\/em><\/p>\n<p><strong><em>8\u00ba ano CEF de Instala\u00e7\u00e3o e Opera\u00e7\u00e3o de Sistemas Inform\u00e1ticos<\/em><\/strong><\/p>\n<\/td>\n<td width=\"94\">\n<p>2009\/2010<\/p>\n<\/td>\n<td width=\"151\">\n<p>Escola B\u00e1sica Integrada\/ Jardim de Inf\u00e2ncia do Cou\u00e7o<\/p>\n<\/td>\n<td width=\"94\">\n<p>3T<\/p>\n<\/td>\n<\/tr>\n<tr>\n<td width=\"265\">\n<p><strong>Aplica\u00e7\u00f5es Inform\u00e1ticas de Escrit\u00f3rio<\/strong><\/p>\n<\/td>\n<td width=\"94\">\u00a0<\/td>\n<td width=\"151\">\u00a0<\/td>\n<td width=\"94\">\u00a0<\/td>\n<\/tr>\n<tr>\n<td width=\"265\">\n<p><em>112 horas<\/em><\/p>\n<p>\u00b7\u00a0\u00a0\u00a0\u00a0\u00a0\u00a0\u00a0\u00a0 <em>m\u00f3dulo I: Processamento de texto \u2013 80 horas<\/em><\/p>\n<p>\u00b7\u00a0\u00a0\u00a0\u00a0\u00a0\u00a0\u00a0\u00a0 <em>m\u00f3dulo II: Folha de C\u00e1lculo \u2013 32 horas<\/em><\/p>\n<p><strong><em>8\u00ba ano CEF de Instala\u00e7\u00e3o e Opera\u00e7\u00e3o de Sistemas Inform\u00e1ticos<\/em><\/strong><\/p>\n<\/td>\n<td width=\"94\">\n<p>2009\/2010<\/p>\n<\/td>\n<td width=\"151\">\n<p>Escola B\u00e1sica Integrada\/ Jardim de Inf\u00e2ncia do Cou\u00e7o<\/p>\n<\/td>\n<td width=\"94\">\n<p>4 T<\/p>\n<\/td>\n<\/tr>\n<tr>\n<td width=\"265\">\n<p><strong>T\u00e9cnicas Multim\u00e9dia<\/strong><\/p>\n<\/td>\n<td width=\"94\">\u00a0<\/td>\n<td width=\"151\">\u00a0<\/td>\n<td width=\"94\">\u00a0<\/td>\n<\/tr>\n<tr>\n<td width=\"265\">\n<p><em>180 horas<\/em><\/p>\n<p>\u00b7\u00a0\u00a0\u00a0\u00a0\u00a0\u00a0\u00a0\u00a0 <em>Ferramentas de Autor II \u2013 36 horas<\/em><\/p>\n<p>\u00b7\u00a0\u00a0\u00a0\u00a0\u00a0\u00a0\u00a0\u00a0 <em>Anima\u00e7\u00e3o 2D Avan\u00e7ada \u2013 36 horas<\/em><\/p>\n<p>\u00b7\u00a0\u00a0\u00a0\u00a0\u00a0\u00a0\u00a0\u00a0 <em>Tratamento de Imagem Avan\u00e7ado \u2013 36 horas<\/em><\/p>\n<p>\u00b7\u00a0\u00a0\u00a0\u00a0\u00a0\u00a0\u00a0\u00a0 <em>Aprofundamento Web \u2013 36 horas<\/em><\/p>\n<p>\u00b7\u00a0\u00a0\u00a0\u00a0\u00a0\u00a0\u00a0\u00a0 <em>Produ\u00e7\u00e3o de Conte\u00fados para Dispositivos M\u00f3veis \u2013 36 horas<\/em><\/p>\n<p><strong><em>12\u00ba ano do Curso Profissional T\u00e9cnico de Multim\u00e9dia<\/em><\/strong><\/p>\n<\/td>\n<td width=\"94\">\n<p>2011\/2012<\/p>\n<p>\u00a0<\/p>\n<\/td>\n<td width=\"151\">\n<p>Escola Secund\u00e1ria do Monte de Caparica<\/p>\n<p>\u00a0<\/p>\n<\/td>\n<td width=\"94\">\n<p>8 T<\/p>\n<p>\u00a0<\/p>\n<\/td>\n<\/tr>\n<tr>\n<td width=\"265\">\n<p><em>117 horas<\/em><\/p>\n<p>\u00b7\u00a0\u00a0\u00a0\u00a0\u00a0\u00a0\u00a0\u00a0 <em>m\u00f3dulo Edi\u00e7\u00e3o Web \u2013 51 horas<\/em><\/p>\n<p>\u00b7\u00a0\u00a0\u00a0\u00a0\u00a0\u00a0\u00a0\u00a0 <em>Aprofundamento de Edi\u00e7\u00e3o Web \u2013 36 horas<\/em><\/p>\n<p>\u00b7\u00a0\u00a0\u00a0\u00a0\u00a0\u00a0\u00a0\u00a0 <em>Edi\u00e7\u00e3o de v\u00eddeo \u2013 33 horas<\/em><\/p>\n<p><strong><em>2\u00ba ano do Curso Profissional T\u00e9cnico de Multim\u00e9dia<\/em><\/strong><\/p>\n<\/td>\n<td width=\"94\">\n<p>2018\/2019<\/p>\n<p>\u00a0<\/p>\n<\/td>\n<td width=\"151\">\n<p>Agrupamento de Escolas de Almeirim<\/p>\n<p>\u00a0<\/p>\n<\/td>\n<td width=\"94\">\n<p>5 T<\/p>\n<p>\u00a0<\/p>\n<\/td>\n<\/tr>\n<tr>\n<td width=\"265\">\n<p><em>165 horas<\/em><\/p>\n<p>\u00b7\u00a0\u00a0\u00a0\u00a0\u00a0\u00a0\u00a0\u00a0 <em>Tratamento de Imagem Avan\u00e7ado \u2013 33 horas<\/em><\/p>\n<p>\u00b7\u00a0\u00a0\u00a0\u00a0\u00a0\u00a0\u00a0\u00a0 <em>P\u00f3s-Produ\u00e7\u00e3o de V\u00eddeo \u2013 33 horas<\/em><\/p>\n<p>\u00b7\u00a0\u00a0\u00a0\u00a0\u00a0\u00a0\u00a0\u00a0 <em>Ferramentas de Autor I \u2013 33 horas<\/em><\/p>\n<p>\u00b7\u00a0\u00a0\u00a0\u00a0\u00a0\u00a0\u00a0\u00a0 <em>Aprofundamento de Edi\u00e7\u00e3o Web \u2013 33 horas<\/em><\/p>\n<p>\u00b7\u00a0\u00a0\u00a0\u00a0\u00a0\u00a0\u00a0\u00a0 <em>Anima\u00e7\u00e3o 2D Avan\u00e7ado \u2013 33 horas<\/em><\/p>\n<p><strong><em>3\u00ba ano do Curso Profissional T\u00e9cnico de Multim\u00e9dia<\/em><\/strong><\/p>\n<\/td>\n<td width=\"94\">\n<p>2020\/2021<\/p>\n<\/td>\n<td width=\"151\">\n<p>Agrupamento de Escolas de Almeirim<\/p>\n<\/td>\n<td width=\"94\">\n<p>10 T<\/p>\n<\/td>\n<\/tr>\n<tr>\n<td width=\"265\">\n<p><strong>Projeto e Produ\u00e7\u00e3o Multim\u00e9dia<\/strong><\/p>\n<\/td>\n<td width=\"94\">\u00a0<\/td>\n<td width=\"151\">\u00a0<\/td>\n<td width=\"94\">\u00a0<\/td>\n<\/tr>\n<tr>\n<td width=\"265\">\n<p><em>60 horas<\/em><\/p>\n<p>\u00b7\u00a0\u00a0\u00a0\u00a0\u00a0\u00a0\u00a0\u00a0 <em>m\u00f3dulo 3: Projeto II<\/em><\/p>\n<p><strong><em>12\u00ba ano Curso Profissional T\u00e9cnico de Multim\u00e9dia<\/em><\/strong><\/p>\n<\/td>\n<td width=\"94\">\n<p>2011\/2012<\/p>\n<\/td>\n<td width=\"151\">\n<p>Escola Secund\u00e1ria do Monte de Caparica<\/p>\n<\/td>\n<td width=\"94\">\n<p>3 T<\/p>\n<\/td>\n<\/tr>\n<tr>\n<td width=\"265\">\n<p><em>25 horas<\/em><\/p>\n<p>\u00b7\u00a0\u00a0\u00a0\u00a0\u00a0\u00a0\u00a0\u00a0 <em>UFCD 9955: Projeto de Design<\/em><\/p>\n<p><strong><em>2\u00ba ano Curso Profissional T\u00e9cnico de Multim\u00e9dia<\/em><\/strong><\/p>\n<\/td>\n<td width=\"94\">\n<p>2020\/2021<\/p>\n<\/td>\n<td width=\"151\">\n<p>Agrupamento de Escolas de Almeirim<\/p>\n<\/td>\n<td width=\"94\">\n<p>1 T<\/p>\n<\/td>\n<\/tr>\n<tr>\n<td width=\"265\">\n<p><strong>Design, Comunica\u00e7\u00e3o e Audiovisuais<\/strong><\/p>\n<\/td>\n<td width=\"94\">\u00a0<\/td>\n<td width=\"151\">\u00a0<\/td>\n<td width=\"94\">\u00a0<\/td>\n<\/tr>\n<tr>\n<td width=\"265\">\n<p><em>110 horas<\/em><\/p>\n<p>\u00b7\u00a0\u00a0\u00a0\u00a0\u00a0\u00a0\u00a0\u00a0 <em>m\u00f3dulo 1: Fotografia Digital \u2013 19 horas<\/em><\/p>\n<p>\u00b7\u00a0\u00a0\u00a0\u00a0\u00a0\u00a0\u00a0\u00a0 <em>m\u00f3dulo 2: Teoria do Design \u2013 27 horas<\/em><\/p>\n<p>\u00b7\u00a0\u00a0\u00a0\u00a0\u00a0\u00a0\u00a0\u00a0 <em>m\u00f3dulo 3: Comunica\u00e7\u00e3o Visual \u2013 28 horas<\/em><\/p>\n<p>\u00b7\u00a0\u00a0\u00a0\u00a0\u00a0\u00a0\u00a0\u00a0 <em>m\u00f3dulo 4: Design Multim\u00e9dia \u2013 36 horas<\/em><\/p>\n<p><em>\u00a0<\/em><\/p>\n<p><em>90 horas<\/em><\/p>\n<p>\u00b7\u00a0\u00a0\u00a0\u00a0\u00a0\u00a0\u00a0\u00a0 <em>m\u00f3dulo 9: Laborat\u00f3rio de Audiovisuais \u2013 30 horas<\/em><\/p>\n<p>\u00b7\u00a0\u00a0\u00a0\u00a0\u00a0\u00a0\u00a0\u00a0 <em>m\u00f3dulo 10: Produ\u00e7\u00e3o de Realiza\u00e7\u00e3o Audiovisual \u2013 30 horas<\/em><\/p>\n<p>\u00b7\u00a0\u00a0\u00a0\u00a0\u00a0\u00a0\u00a0\u00a0 <em>m\u00f3dulo 11: T\u00e9cnicas de Criatividade \u2013 30 horas<\/em><\/p>\n<p><strong><em>1\u00ba ano e 3\u00ba ano do Curso Profissional T\u00e9cnico de Multim\u00e9dia<\/em><\/strong><\/p>\n<\/td>\n<td width=\"94\">\n<p>2018\/2019<\/p>\n<\/td>\n<td width=\"151\">\n<p>Agrupamento de Escolas de Almeirim<\/p>\n<\/td>\n<td width=\"94\">\n<p>9 T<\/p>\n<\/td>\n<\/tr>\n<tr>\n<td width=\"265\">\n<p><em>100 horas<\/em><\/p>\n<p>\u00b7\u00a0\u00a0\u00a0\u00a0\u00a0\u00a0\u00a0\u00a0 <em>UFCD 9954: Fotografia e imagem digital \u2013 25 horas<\/em><\/p>\n<p>\u00b7\u00a0\u00a0\u00a0\u00a0\u00a0\u00a0\u00a0\u00a0 <em>UFCD 9956: Comunica\u00e7\u00e3o Visual e abordagem da Gestalt \u2013 25 horas<\/em><\/p>\n<p>\u00b7\u00a0\u00a0\u00a0\u00a0\u00a0\u00a0\u00a0\u00a0 <em>UFCD 9957: Design de multim\u00e9dia \u2013 50 horas<\/em><\/p>\n<p><em>123 horas<\/em><\/p>\n<p>\u00b7\u00a0\u00a0\u00a0\u00a0\u00a0\u00a0\u00a0\u00a0 <em>m\u00f3dulo 8: T\u00e9cnicas de Comunica\u00e7\u00e3o \u2013 48 horas<\/em><\/p>\n<p>\u00b7\u00a0\u00a0\u00a0\u00a0\u00a0\u00a0\u00a0\u00a0 <em>m\u00f3dulo 9: Laborat\u00f3rio de Audiovisuais \u2013 30 horas<\/em><\/p>\n<p>\u00b7\u00a0\u00a0\u00a0\u00a0\u00a0\u00a0\u00a0\u00a0 <em>m\u00f3dulo 10: Produ\u00e7\u00e3o de Realiza\u00e7\u00e3o Audiovisual \u2013 30 horas<\/em><\/p>\n<p>\u00b7\u00a0\u00a0\u00a0\u00a0\u00a0\u00a0\u00a0\u00a0 <em>m\u00f3dulo 11: T\u00e9cnicas de Criatividade \u2013 30 horas<\/em><\/p>\n<p><strong><em>1\u00ba ano e 3\u00ba ano do Curso Profissional T\u00e9cnico de Multim\u00e9dia<\/em><\/strong><\/p>\n<\/td>\n<td width=\"94\">\n<p>2019\/2020<\/p>\n<\/td>\n<td width=\"151\">\n<p>Agrupamento de Escolas de Almeirim<\/p>\n<\/td>\n<td width=\"94\">\n<p>10 T<\/p>\n<\/td>\n<\/tr>\n<tr>\n<td width=\"265\">\n<p><em>150 horas<\/em><\/p>\n<p>\u00b7\u00a0\u00a0\u00a0\u00a0\u00a0\u00a0\u00a0\u00a0 <em>UFCD 0133: E- Direito \u2013 25 Horas<\/em><\/p>\n<p>\u00b7\u00a0\u00a0\u00a0\u00a0\u00a0\u00a0\u00a0\u00a0 <em>UFCD 9977: Design e desenvolvimento de sistemas interativos \u2013 25 horas<\/em><\/p>\n<p>\u00b7\u00a0\u00a0\u00a0\u00a0\u00a0\u00a0\u00a0\u00a0 <em>UFCD 8846: Design de intera\u00e7\u00e3o e usabilidade \u2013 25 horas<\/em><\/p>\n<p>\u00b7\u00a0\u00a0\u00a0\u00a0\u00a0\u00a0\u00a0\u00a0 <em>UFCD 0328: Comunica\u00e7\u00e3o interpessoal e institucional \u2013 25 horas<\/em><\/p>\n<p>\u00b7\u00a0\u00a0\u00a0\u00a0\u00a0\u00a0\u00a0\u00a0 <em>UFCD 9604: Comunica\u00e7\u00e3o visual \u2013 o gui\u00e3o e o storyboard \u2013 50 horas<\/em><\/p>\n<p><em>\u00a0<\/em><\/p>\n<p><em>90 horas<\/em><\/p>\n<p>\u00b7\u00a0\u00a0\u00a0\u00a0\u00a0\u00a0\u00a0\u00a0 <em>m\u00f3dulo 9: Laborat\u00f3rio de Audiovisuais \u2013 30 horas<\/em><\/p>\n<p>\u00b7\u00a0\u00a0\u00a0\u00a0\u00a0\u00a0\u00a0\u00a0 <em>m\u00f3dulo 10: Produ\u00e7\u00e3o de Realiza\u00e7\u00e3o Audiovisual \u2013 30 horas<\/em><\/p>\n<p>\u00b7\u00a0\u00a0\u00a0\u00a0\u00a0\u00a0\u00a0\u00a0 <em>m\u00f3dulo 11: T\u00e9cnicas de Criatividade \u2013 30 horas<\/em><\/p>\n<p><strong><em>2\u00ba ano e 3\u00ba ano do Curso Profissional T\u00e9cnico de Multim\u00e9dia<\/em><\/strong><\/p>\n<\/td>\n<td width=\"94\">\n<p>2020\/2021<\/p>\n<\/td>\n<td width=\"151\">\n<p>Agrupamento de Escolas de Almeirim<\/p>\n<\/td>\n<td width=\"94\">\n<p>11 T<\/p>\n<\/td>\n<\/tr>\n<tr>\n<td width=\"265\">\n<p><strong>Diagn\u00f3stico e Repara\u00e7\u00e3o de Avarias em Equipamentos Inform\u00e1ticos<\/strong><\/p>\n<\/td>\n<td width=\"94\">\u00a0<\/td>\n<td width=\"151\">\u00a0<\/td>\n<td width=\"94\">\u00a0<\/td>\n<\/tr>\n<tr>\n<td width=\"265\">\n<p><em>170 horas<\/em><\/p>\n<p>\u00b7\u00a0\u00a0\u00a0\u00a0\u00a0\u00a0\u00a0\u00a0 <em>M\u00f3dulo 2: Diagn\u00f3stico e repara\u00e7\u00e3o de avarias em impressoras \u2013 90 horas<\/em><\/p>\n<p>\u00b7\u00a0\u00a0\u00a0\u00a0\u00a0\u00a0\u00a0\u00a0 <em>M\u00f3dulo 3: Diagn\u00f3stico e repara\u00e7\u00e3o de avarias em monitores \u2013 80 horas<\/em><\/p>\n<p><strong><em>9\u00ba ano CEF de Instala\u00e7\u00e3o e Repara\u00e7\u00e3o de Avarias<\/em><\/strong><\/p>\n<\/td>\n<td width=\"94\">\n<p>2010\/2011<\/p>\n<\/td>\n<td width=\"151\">\n<p>Escola B\u00e1sica Jo\u00e3o Villaret<\/p>\n<\/td>\n<td width=\"94\">\n<p>6 T<\/p>\n<\/td>\n<\/tr>\n<tr>\n<td width=\"265\">\n<p><strong>Planeamento e Execu\u00e7\u00e3o da Manuten\u00e7\u00e3o<\/strong><\/p>\n<\/td>\n<td width=\"94\">\u00a0<\/td>\n<td width=\"151\">\u00a0<\/td>\n<td width=\"94\">\u00a0<\/td>\n<\/tr>\n<tr>\n<td width=\"265\">\n<p><em>80 horas<\/em><\/p>\n<p>\u00b7\u00a0\u00a0\u00a0\u00a0\u00a0\u00a0\u00a0\u00a0 <em>M\u00f3dulo I: Planeamento da manuten\u00e7\u00e3o \u2013 20 horas<\/em><\/p>\n<p>\u00b7\u00a0\u00a0\u00a0\u00a0\u00a0\u00a0\u00a0\u00a0 <em>M\u00f3dulo 3: manuten\u00e7\u00e3o de perif\u00e9ricos \u2013 60 horas<\/em><\/p>\n<p><strong><em>9\u00ba ano CEF de Instala\u00e7\u00e3o e Repara\u00e7\u00e3o de Avarias<\/em><\/strong><\/p>\n<\/td>\n<td width=\"94\">\n<p>2010\/2011<\/p>\n<\/td>\n<td width=\"151\">\n<p>Escola B\u00e1sica Jo\u00e3o Villaret<\/p>\n<\/td>\n<td width=\"94\">\n<p>3 T<\/p>\n<\/td>\n<\/tr>\n<\/tbody>\n<\/table>\n<p>\t\t\t\t\t\t\t\t\tAtividades Desenvolvidas<\/p>\n<table width=\"680\">\n<tbody>\n<tr>\n<td width=\"435\">\n<p><strong>Atividade<\/strong><\/p>\n<\/td>\n<td width=\"94\">\n<p><strong>Ano<\/strong><\/p>\n<\/td>\n<td width=\"151\">\n<p><strong>Institui\u00e7\u00e3o<\/strong><\/p>\n<\/td>\n<\/tr>\n<tr>\n<td rowspan=\"2\" width=\"435\">\n<p>Realiza\u00e7\u00e3o de trabalhos de pesquisa sobre a tem\u00e1tica do Ambiente, trabalhos expostos na escola no dia do Ambiente <sup>\u2013 <\/sup><em>Disciplina \u00c1rea de Projeto<\/em><\/p>\n<\/td>\n<td width=\"94\">\n<p>2008\/2009<\/p>\n<\/td>\n<td width=\"151\">\n<p>Escola Secund\u00e1ria do Cartaxo<\/p>\n<\/td>\n<\/tr>\n<tr>\n<td width=\"94\">\n<p>2010\/2011<\/p>\n<\/td>\n<td width=\"151\">\n<p>Escola B\u00e1sica Jo\u00e3o Villaret<\/p>\n<\/td>\n<\/tr>\n<tr>\n<td width=\"435\">\n<p>Colabora\u00e7\u00e3o e Dinamiza\u00e7\u00e3o de debates sobre Educa\u00e7\u00e3o Sexual, dinamizados por uma Enfermeira Especializada<\/p>\n<\/td>\n<td width=\"94\">\n<p>2008\/2009<\/p>\n<\/td>\n<td width=\"151\">\n<p>Escola Secund\u00e1ria do Cartaxo<\/p>\n<\/td>\n<\/tr>\n<tr>\n<td width=\"435\">\n<p>Colabora\u00e7\u00e3o na prepara\u00e7\u00e3o das atividades da Feira Medieval<\/p>\n<\/td>\n<td width=\"94\">\n<p>2008\/2009<\/p>\n<\/td>\n<td width=\"151\">\n<p>Escola Secund\u00e1ria do Cartaxo<\/p>\n<\/td>\n<\/tr>\n<tr>\n<td width=\"435\">\n<p>Reportagem Fotogr\u00e1fica e V\u00eddeo da Feira Medieval<\/p>\n<\/td>\n<td width=\"94\">\n<p>2008\/2009<\/p>\n<\/td>\n<td width=\"151\">\n<p>Escola Secund\u00e1ria do Cartaxo<\/p>\n<\/td>\n<\/tr>\n<tr>\n<td rowspan=\"3\" width=\"435\">\n<p>Participa\u00e7\u00e3o e Acompanhamento em Visitas de Estudo no \u00e2mbito dos projetos de Turma<\/p>\n<\/td>\n<td width=\"94\">\n<p>2008\/2009<\/p>\n<\/td>\n<td width=\"151\">\n<p>Escola Secund\u00e1ria do Cartaxo<\/p>\n<\/td>\n<\/tr>\n<tr>\n<td width=\"94\">\n<p>2010\/2011<\/p>\n<\/td>\n<td width=\"151\">\n<p>Escola B\u00e1sica Jo\u00e3o Villaret<\/p>\n<\/td>\n<\/tr>\n<tr>\n<td width=\"94\">\n<p>2011\/2012<\/p>\n<\/td>\n<td width=\"151\">\n<p>Escola Secund\u00e1ria do Monte de Caparica<\/p>\n<\/td>\n<\/tr>\n<tr>\n<td width=\"435\">\n<p>Dinamiza\u00e7\u00e3o e Acompanhamento de pesquisas e debates sobre a preven\u00e7\u00e3o de depend\u00eancias e toxicodepend\u00eancias<\/p>\n<\/td>\n<td width=\"94\">\n<p>2008\/2009<\/p>\n<\/td>\n<td width=\"151\">\n<p>Escola Secund\u00e1ria do Cartaxo<\/p>\n<\/td>\n<\/tr>\n<tr>\n<td width=\"435\">\n<p>Dinamiza\u00e7\u00e3o de um Workshop sobre V\u00eddeo e Fotografia Digital no dia da Inform\u00e1tica na Escola<\/p>\n<\/td>\n<td width=\"94\">\n<p>2008\/2009<\/p>\n<\/td>\n<td width=\"151\">\n<p>Escola Secund\u00e1ria do Cartaxo<\/p>\n<\/td>\n<\/tr>\n<tr>\n<td width=\"435\">\n<p>Dinamiza\u00e7\u00e3o de v\u00e1rios Workshops sobre o Moodle para o corpo Docente da Escola<\/p>\n<\/td>\n<td width=\"94\">\n<p>2009\/2010<\/p>\n<\/td>\n<td width=\"151\">\n<p>Escola B\u00e1sica Integrada\/ Jardim de Inf\u00e2ncia do Cou\u00e7o<\/p>\n<\/td>\n<\/tr>\n<tr>\n<td width=\"435\">\n<p>Dinamiza\u00e7\u00e3o de Workshops sobre como pesquisar na Internet para adultos inscritos no CNO<\/p>\n<\/td>\n<td width=\"94\">\n<p>2009\/2010<\/p>\n<\/td>\n<td width=\"151\">\n<p>Escola Secund\u00e1ria S\u00e1 da Bandeira<\/p>\n<\/td>\n<\/tr>\n<tr>\n<td width=\"435\">\n<p>Dinamiza\u00e7\u00e3o de um projeto de recolha de material inform\u00e1tico usado<\/p>\n<\/td>\n<td width=\"94\">\n<p>2010\/2011<\/p>\n<\/td>\n<td width=\"151\">\n<p>Escola B\u00e1sica Jo\u00e3o Villaret<\/p>\n<\/td>\n<\/tr>\n<tr>\n<td width=\"435\">\n<p>Desenvolvimento\/ Dinamiza\u00e7\u00e3o e Coordena\u00e7\u00e3o de um espa\u00e7o de partilha na plataforma Moodle<\/p>\n<\/td>\n<td width=\"94\">\n<p>2010\/2011<\/p>\n<\/td>\n<td width=\"151\">\n<p>Escola B\u00e1sica Jo\u00e3o Villaret<\/p>\n<\/td>\n<\/tr>\n<tr>\n<td rowspan=\"2\" width=\"435\">\n<p>Inscri\u00e7\u00e3o de todos os docentes da escola na Plataforma Moodle<\/p>\n<\/td>\n<td width=\"94\">\n<p>2009\/2010<\/p>\n<\/td>\n<td width=\"151\">\n<p>Escola B\u00e1sica Integrada\/ Jardim de Inf\u00e2ncia do Cou\u00e7o<\/p>\n<\/td>\n<\/tr>\n<tr>\n<td width=\"94\">\n<p>2010\/2011<\/p>\n<\/td>\n<td width=\"151\">\n<p>Escola B\u00e1sica Jo\u00e3o Villaret<\/p>\n<\/td>\n<\/tr>\n<tr>\n<td width=\"435\">\n<p>Dinamiza\u00e7\u00e3o do Projeto: \u201cRally Lisboa \u2013 Dakar\u201d<sup> \u00a0\u2013 <\/sup><em>Disciplina \u00c1rea de Projeto<\/em><\/p>\n<\/td>\n<td width=\"94\">\n<p>2010\/2011<\/p>\n<\/td>\n<td width=\"151\">\n<p>Escola B\u00e1sica Jo\u00e3o Villaret<\/p>\n<\/td>\n<\/tr>\n<tr>\n<td width=\"435\">\n<p>Dinamiza\u00e7\u00e3o e Acompanhamento de pesquisas e debates sobre os diferentes m\u00e9dia, a sua hist\u00f3ria e influ\u00eancia destes na sociedade.<\/p>\n<\/td>\n<td width=\"94\">\n<p>2010\/2011<\/p>\n<\/td>\n<td width=\"151\">\n<p>Escola B\u00e1sica Jo\u00e3o Villaret<\/p>\n<\/td>\n<\/tr>\n<tr>\n<td width=\"435\">\n<p>Dinamiza\u00e7\u00e3o e Acompanhamento de pesquisas e debates sobre educa\u00e7\u00e3o para a solidariedade e os Direitos do Homem.<\/p>\n<\/td>\n<td width=\"94\">\n<p>2010\/2011<\/p>\n<\/td>\n<td width=\"151\">\n<p>Escola B\u00e1sica Jo\u00e3o Villaret<\/p>\n<\/td>\n<\/tr>\n<tr>\n<td width=\"435\">\n<p>Dinamiza\u00e7\u00e3o de pesquisas e debates sobre educa\u00e7\u00e3o para o empreendedorismo.<\/p>\n<\/td>\n<td width=\"94\">\n<p>2010\/2011<\/p>\n<\/td>\n<td width=\"151\">\n<p>Escola B\u00e1sica Jo\u00e3o Villaret<\/p>\n<\/td>\n<\/tr>\n<tr>\n<td width=\"435\">\n<p>Dinamiza\u00e7\u00e3o\/ Colabora\u00e7\u00e3o do programa de Educa\u00e7\u00e3o Sexual em Meio Escolar<\/p>\n<\/td>\n<td width=\"94\">\n<p>2011\/2012<\/p>\n<\/td>\n<td width=\"151\">\n<p>Escola Secund\u00e1ria do Monte de Caparica<\/p>\n<\/td>\n<\/tr>\n<tr>\n<td width=\"435\">\n<p>Cria\u00e7\u00e3o do Logotipo para o Clube da Rob\u00f3tica<\/p>\n<\/td>\n<td width=\"94\">\n<p>2011\/2012<\/p>\n<\/td>\n<td width=\"151\">\n<p>Escola Secund\u00e1ria do Monte de Caparica<\/p>\n<\/td>\n<\/tr>\n<tr>\n<td width=\"435\">\n<p>Participa\u00e7\u00e3o no concurso nacional Sitestar 6 da Decojovem, 1\u00ba lugar da categoria Faz a Diferen\u00e7a<\/p>\n<\/td>\n<td width=\"94\">\n<p>2018\/2019<\/p>\n<\/td>\n<td width=\"151\">\n<p>Agrupamento de Escolas de Almeirim<\/p>\n<\/td>\n<\/tr>\n<tr>\n<td width=\"435\">\n<p>Participa\u00e7\u00e3o no concurso nacional Sitestar 7 da Decojovem<\/p>\n<\/td>\n<td width=\"94\">\n<p>2019\/2020<\/p>\n<\/td>\n<td width=\"151\">\n<p>Agrupamento de Escolas de Almeirim<\/p>\n<\/td>\n<\/tr>\n<tr>\n<td width=\"435\">\n<p>Participa\u00e7\u00e3o no concurso nacional Sitestar 8 da Decojovem<\/p>\n<\/td>\n<td width=\"94\">\n<p>2020\/2021<\/p>\n<\/td>\n<td width=\"151\">\n<p>Agrupamento de Escolas de Almeirim<\/p>\n<\/td>\n<\/tr>\n<\/tbody>\n<\/table>\n<p>\t\t\t\t\t\t\t\t\tAvalia\u00e7\u00e3o de Desempenho<\/p>\n<table>\n<tbody>\n<tr>\n<td width=\"113\">\n<p><strong>Ano Letivo<\/strong><\/p>\n<\/td>\n<td width=\"340\">\n<p><strong>Institui\u00e7\u00e3o<\/strong><\/p>\n<\/td>\n<td width=\"151\">\n<p><strong>Classifica\u00e7\u00e3o<\/strong><\/p>\n<\/td>\n<\/tr>\n<tr>\n<td width=\"113\">\n<p>2008\/2009<\/p>\n<\/td>\n<td width=\"340\">\n<p>Escola Secund\u00e1ria do Cartaxo<\/p>\n<\/td>\n<td width=\"151\">\n<p>7<\/p>\n<p>Bom<\/p>\n<\/td>\n<\/tr>\n<tr>\n<td width=\"113\">\n<p>2009\/2010<\/p>\n<\/td>\n<td width=\"340\">\n<p>Escola B\u00e1sica Integrada\/ Jardim de Inf\u00e2ncia do Cou\u00e7o<\/p>\n<\/td>\n<td width=\"151\">\n<p>8.5<\/p>\n<p>Muito Bom<\/p>\n<\/td>\n<\/tr>\n<tr>\n<td width=\"113\">\n<p>2009\/2010<\/p>\n<\/td>\n<td width=\"340\">\n<p>Escola Secund\u00e1ria S\u00e1 da Bandeira<\/p>\n<\/td>\n<td width=\"151\">\n<p>8<\/p>\n<p>Bom<\/p>\n<\/td>\n<\/tr>\n<tr>\n<td width=\"113\">\n<p>2010\/2011<\/p>\n<\/td>\n<td width=\"340\">\n<p>Escola B\u00e1sica Jo\u00e3o Villaret<\/p>\n<\/td>\n<td width=\"151\">\n<p>7.9<\/p>\n<p>Bom<\/p>\n<\/td>\n<\/tr>\n<tr>\n<td width=\"113\">\n<p>2011\/2012<\/p>\n<\/td>\n<td width=\"340\">\n<p>Escola Secund\u00e1ria do Monte de Caparica<\/p>\n<\/td>\n<td width=\"151\">\n<p>7.9<\/p>\n<p>Bom<\/p>\n<\/td>\n<\/tr>\n<tr>\n<td width=\"113\">\n<p>2018\/2019<\/p>\n<\/td>\n<td width=\"340\">\n<p>Agrupamento de Escolas de Almeirim<\/p>\n<\/td>\n<td width=\"151\">\n<p>8.59<\/p>\n<p>Bom<\/p>\n<\/td>\n<\/tr>\n<tr>\n<td width=\"113\">\n<p>2019\/2020<\/p>\n<\/td>\n<td width=\"340\">\n<p>Agrupamento de Escolas de Almeirim<\/p>\n<\/td>\n<td width=\"151\">\n<p>8,64<\/p>\n<p>Muito Bom<\/p>\n<\/td>\n<\/tr>\n<tr>\n<td width=\"113\">\n<p>2020\/2021<\/p>\n<\/td>\n<td width=\"340\">\n<p>Agrupamento de Escolas de Almeirim<\/p>\n<\/td>\n<td width=\"151\">\n<p>8,9<\/p>\n<p>Muito Bom<\/p>\n<\/td>\n<\/tr>\n<\/tbody>\n<\/table>\n<p>\u00a0<\/p>\n<p><a href=\"#_ftnref1\" name=\"_ftn1\"><\/a><\/p>\n","protected":false},"excerpt":{"rendered":"<p>Cargos N\u00edveis de Ensino Atividades Desenvolvidas Avalia\u00e7\u00e3o de Desempenho Cargos Cargo Ano Letivo Institui\u00e7\u00e3o Diretora de Turma 2011\/2012 Escola Secund\u00e1ria do Monte de Caparica Coordenadora T\u00e9cnica do PTE 2009\/2010 Escola B\u00e1sica Integrada do Cou\u00e7o Membro equipa TIC\/ PTE 2008\/2009 Escola Secund\u00e1ria do Cartaxo 2009\/2010 Escola B\u00e1sica Integrada do Cou\u00e7o 2010\/2011&#8230; <a href=\"https:\/\/teresamarcelino.pt\/copia\/?page_id=82\"> Continue reading <span class=\"meta-nav\">&rarr; <\/span><\/a><\/p>\n","protected":false},"author":1,"featured_media":0,"parent":0,"menu_order":0,"comment_status":"closed","ping_status":"closed","template":"","meta":[],"_links":{"self":[{"href":"https:\/\/teresamarcelino.pt\/copia\/index.php?rest_route=\/wp\/v2\/pages\/82"}],"collection":[{"href":"https:\/\/teresamarcelino.pt\/copia\/index.php?rest_route=\/wp\/v2\/pages"}],"about":[{"href":"https:\/\/teresamarcelino.pt\/copia\/index.php?rest_route=\/wp\/v2\/types\/page"}],"author":[{"embeddable":true,"href":"https:\/\/teresamarcelino.pt\/copia\/index.php?rest_route=\/wp\/v2\/users\/1"}],"replies":[{"embeddable":true,"href":"https:\/\/teresamarcelino.pt\/copia\/index.php?rest_route=%2Fwp%2Fv2%2Fcomments&post=82"}],"version-history":[{"count":38,"href":"https:\/\/teresamarcelino.pt\/copia\/index.php?rest_route=\/wp\/v2\/pages\/82\/revisions"}],"predecessor-version":[{"id":378,"href":"https:\/\/teresamarcelino.pt\/copia\/index.php?rest_route=\/wp\/v2\/pages\/82\/revisions\/378"}],"wp:attachment":[{"href":"https:\/\/teresamarcelino.pt\/copia\/index.php?rest_route=%2Fwp%2Fv2%2Fmedia&parent=82"}],"curies":[{"name":"wp","href":"https:\/\/api.w.org\/{rel}","templated":true}]}}