{"id":91,"date":"2014-09-19T10:55:10","date_gmt":"2014-09-19T10:55:10","guid":{"rendered":"https:\/\/teresamarcelino.pt\/copia\/?page_id=91"},"modified":"2018-08-25T10:17:20","modified_gmt":"2018-08-25T10:17:20","slug":"profissional","status":"publish","type":"page","link":"https:\/\/teresamarcelino.pt\/copia\/?page_id=91","title":{"rendered":"Profissional"},"content":{"rendered":"<table width=\"576\">\n<tbody>\n<tr>\n<td width=\"177\">Data<\/td>\n<td width=\"399\">2017<\/td>\n<\/tr>\n<tr>\n<td width=\"177\">Designa\u00e7\u00e3o da qualifica\u00e7\u00e3o atribu\u00edda<\/td>\n<td width=\"399\">Forma\u00e7\u00e3o Modular de 25 Horas: Ambiente, Seguran\u00e7a, Higiene e Sa\u00fade no Trabalho<\/p>\n<p>&nbsp;<\/p>\n<p><a href=\"https:\/\/teresamarcelino.pt\/copia\/wp-content\/uploads\/2018\/08\/certificado.jpeg\"><img loading=\"lazy\" class=\"alignnone size-medium wp-image-162\" src=\"https:\/\/teresamarcelino.pt\/copia\/wp-content\/uploads\/2018\/08\/certificado-218x300.jpeg\" alt=\"\" width=\"218\" height=\"300\" srcset=\"https:\/\/teresamarcelino.pt\/copia\/wp-content\/uploads\/2018\/08\/certificado-218x300.jpeg 218w, https:\/\/teresamarcelino.pt\/copia\/wp-content\/uploads\/2018\/08\/certificado-768x1056.jpeg 768w, https:\/\/teresamarcelino.pt\/copia\/wp-content\/uploads\/2018\/08\/certificado-745x1024.jpeg 745w, https:\/\/teresamarcelino.pt\/copia\/wp-content\/uploads\/2018\/08\/certificado-109x150.jpeg 109w, https:\/\/teresamarcelino.pt\/copia\/wp-content\/uploads\/2018\/08\/certificado.jpeg 1700w\" sizes=\"(max-width: 218px) 100vw, 218px\" \/><\/a><\/td>\n<\/tr>\n<tr>\n<td width=\"177\">N\u00ba de Certificado<\/td>\n<td width=\"399\">212\/2017<\/td>\n<\/tr>\n<tr>\n<td width=\"177\">Nome da Organiza\u00e7\u00e3o de ensino ou forma\u00e7\u00e3o<\/td>\n<td width=\"399\">CENFIM \u2013Centro de Forma\u00e7\u00e3o Profissional da Ind\u00fastria Metal\u00fargica e Metalomec\u00e2nica<\/td>\n<\/tr>\n<\/tbody>\n<\/table>\n<table width=\"576\">\n<tbody>\n<tr>\n<td width=\"177\">Data<\/td>\n<td width=\"399\">2016<\/td>\n<\/tr>\n<tr>\n<td width=\"177\">Designa\u00e7\u00e3o da qualifica\u00e7\u00e3o atribu\u00edda<\/td>\n<td width=\"399\">Forma\u00e7\u00e3o Profissional: Marketing Digital e Comunica\u00e7\u00e3o Online<\/p>\n<p><a href=\"https:\/\/teresamarcelino.pt\/copia\/wp-content\/uploads\/2018\/08\/Imagem-15-e1535191986809.jpg\"><img loading=\"lazy\" class=\"alignnone size-medium wp-image-164\" src=\"https:\/\/teresamarcelino.pt\/copia\/wp-content\/uploads\/2018\/08\/Imagem-15-e1535191986809-218x300.jpg\" alt=\"\" width=\"218\" height=\"300\" srcset=\"https:\/\/teresamarcelino.pt\/copia\/wp-content\/uploads\/2018\/08\/Imagem-15-e1535191986809-218x300.jpg 218w, https:\/\/teresamarcelino.pt\/copia\/wp-content\/uploads\/2018\/08\/Imagem-15-e1535191986809-768x1056.jpg 768w, https:\/\/teresamarcelino.pt\/copia\/wp-content\/uploads\/2018\/08\/Imagem-15-e1535191986809-745x1024.jpg 745w, https:\/\/teresamarcelino.pt\/copia\/wp-content\/uploads\/2018\/08\/Imagem-15-e1535191986809-109x150.jpg 109w, https:\/\/teresamarcelino.pt\/copia\/wp-content\/uploads\/2018\/08\/Imagem-15-e1535191986809.jpg 1700w\" sizes=\"(max-width: 218px) 100vw, 218px\" \/><\/a><\/td>\n<\/tr>\n<tr>\n<td width=\"177\">N\u00ba de Certificado<\/td>\n<td width=\"399\">34\/2016<\/td>\n<\/tr>\n<tr>\n<td width=\"177\">Nome da Organiza\u00e7\u00e3o de ensino ou forma\u00e7\u00e3o<\/td>\n<td width=\"399\">AIP &#8211; Associa\u00e7\u00e3o Industrial Portuguesa<\/td>\n<\/tr>\n<\/tbody>\n<\/table>\n<table width=\"576\">\n<tbody>\n<tr>\n<td width=\"177\">Data<\/td>\n<td width=\"399\">2014<\/td>\n<\/tr>\n<tr>\n<td width=\"177\">Designa\u00e7\u00e3o da qualifica\u00e7\u00e3o atribu\u00edda<\/td>\n<td width=\"399\">Forma\u00e7\u00e3o Modular de 25 Horas:Distribui\u00e7\u00e3o e comercializa\u00e7\u00e3o de produtos fitofarmac\u00eauticos<\/p>\n<p><a href=\"https:\/\/teresamarcelino.pt\/copia\/wp-content\/uploads\/2018\/08\/Imagem-14-e1535192145928.jpg\"><img loading=\"lazy\" class=\"alignnone size-medium wp-image-165\" src=\"https:\/\/teresamarcelino.pt\/copia\/wp-content\/uploads\/2018\/08\/Imagem-14-e1535192145928-218x300.jpg\" alt=\"\" width=\"218\" height=\"300\" srcset=\"https:\/\/teresamarcelino.pt\/copia\/wp-content\/uploads\/2018\/08\/Imagem-14-e1535192145928-218x300.jpg 218w, https:\/\/teresamarcelino.pt\/copia\/wp-content\/uploads\/2018\/08\/Imagem-14-e1535192145928-768x1056.jpg 768w, https:\/\/teresamarcelino.pt\/copia\/wp-content\/uploads\/2018\/08\/Imagem-14-e1535192145928-745x1024.jpg 745w, https:\/\/teresamarcelino.pt\/copia\/wp-content\/uploads\/2018\/08\/Imagem-14-e1535192145928-109x150.jpg 109w, https:\/\/teresamarcelino.pt\/copia\/wp-content\/uploads\/2018\/08\/Imagem-14-e1535192145928.jpg 1700w\" sizes=\"(max-width: 218px) 100vw, 218px\" \/><\/a><\/td>\n<\/tr>\n<tr>\n<td width=\"177\">N\u00ba de Certificado<\/td>\n<td width=\"399\">1200\/2014<\/td>\n<\/tr>\n<tr>\n<td width=\"177\">Nome da Organiza\u00e7\u00e3o de ensino ou forma\u00e7\u00e3o<\/td>\n<td width=\"399\">CAP &#8211; Agricultores Portugueses<\/td>\n<\/tr>\n<\/tbody>\n<\/table>\n<table width=\"576\">\n<tbody>\n<tr>\n<td width=\"177\">Data<\/td>\n<td width=\"399\">2013<\/td>\n<\/tr>\n<tr>\n<td width=\"177\">Designa\u00e7\u00e3o da qualifica\u00e7\u00e3o atribu\u00edda<\/td>\n<td width=\"399\">Forma\u00e7\u00e3o Modular de 50 Horas: L\u00edngua Inglesa \u2013 servi\u00e7o de rece\u00e7\u00e3o, atendimento e informa\u00e7\u00e3o tur\u00edstica<\/p>\n<p><a href=\"https:\/\/teresamarcelino.pt\/copia\/wp-content\/uploads\/2014\/09\/INGL\u00caS.jpg\"><img loading=\"lazy\" class=\"alignnone size-medium wp-image-61\" src=\"https:\/\/teresamarcelino.pt\/copia\/wp-content\/uploads\/2014\/09\/INGL\u00caS-216x300.jpg\" alt=\"INGL\u00caS\" width=\"216\" height=\"300\" srcset=\"https:\/\/teresamarcelino.pt\/copia\/wp-content\/uploads\/2014\/09\/INGL\u00caS-216x300.jpg 216w, https:\/\/teresamarcelino.pt\/copia\/wp-content\/uploads\/2014\/09\/INGL\u00caS-738x1024.jpg 738w\" sizes=\"(max-width: 216px) 100vw, 216px\" \/><\/a><\/td>\n<\/tr>\n<tr>\n<td width=\"177\">N\u00ba de Certificado<\/td>\n<td width=\"399\">441\/2013<\/td>\n<\/tr>\n<tr>\n<td width=\"177\">Nome da Organiza\u00e7\u00e3o de ensino ou forma\u00e7\u00e3o<\/td>\n<td width=\"399\">CENFIM \u2013Centro de Forma\u00e7\u00e3o Profissional da Ind\u00fastria Metal\u00fargica e Metalomec\u00e2nica<\/td>\n<\/tr>\n<tr>\n<td width=\"177\">&nbsp;<\/p>\n<p>&nbsp;<\/p>\n<p>&nbsp;<\/td>\n<td width=\"399\"><\/td>\n<\/tr>\n<tr>\n<td width=\"177\">Data<\/td>\n<td width=\"399\">2009 (26 de Setembro a 14 de Novembro)<\/td>\n<\/tr>\n<tr>\n<td width=\"177\">Designa\u00e7\u00e3o da qualifica\u00e7\u00e3o atribu\u00edda<\/td>\n<td width=\"399\">Forma\u00e7\u00e3o Profissional Pedag\u00f3gica de Formadores a Dist\u00e2ncia<\/p>\n<p><a href=\"https:\/\/teresamarcelino.pt\/copia\/wp-content\/uploads\/2014\/09\/FORMA\u00c7\u00c3O_PEDAGOGICA_FRENTE.jpg\"><img loading=\"lazy\" class=\"alignnone size-medium wp-image-55\" src=\"https:\/\/teresamarcelino.pt\/copia\/wp-content\/uploads\/2014\/09\/FORMA\u00c7\u00c3O_PEDAGOGICA_FRENTE-212x300.jpg\" alt=\"FORMA\u00c7\u00c3O_PEDAGOGICA_FRENTE\" width=\"212\" height=\"300\" srcset=\"https:\/\/teresamarcelino.pt\/copia\/wp-content\/uploads\/2014\/09\/FORMA\u00c7\u00c3O_PEDAGOGICA_FRENTE-212x300.jpg 212w, https:\/\/teresamarcelino.pt\/copia\/wp-content\/uploads\/2014\/09\/FORMA\u00c7\u00c3O_PEDAGOGICA_FRENTE-724x1024.jpg 724w, https:\/\/teresamarcelino.pt\/copia\/wp-content\/uploads\/2014\/09\/FORMA\u00c7\u00c3O_PEDAGOGICA_FRENTE.jpg 1523w\" sizes=\"(max-width: 212px) 100vw, 212px\" \/><\/a> <a href=\"https:\/\/teresamarcelino.pt\/copia\/wp-content\/uploads\/2014\/09\/FORMA\u00c7\u00c3O-PEDAG\u00d3GICA_VERSO.jpg\"><img loading=\"lazy\" class=\"alignnone size-medium wp-image-54\" src=\"https:\/\/teresamarcelino.pt\/copia\/wp-content\/uploads\/2014\/09\/FORMA\u00c7\u00c3O-PEDAG\u00d3GICA_VERSO-211x300.jpg\" alt=\"FORMA\u00c7\u00c3O PEDAG\u00d3GICA_VERSO\" width=\"211\" height=\"300\" srcset=\"https:\/\/teresamarcelino.pt\/copia\/wp-content\/uploads\/2014\/09\/FORMA\u00c7\u00c3O-PEDAG\u00d3GICA_VERSO-211x300.jpg 211w, https:\/\/teresamarcelino.pt\/copia\/wp-content\/uploads\/2014\/09\/FORMA\u00c7\u00c3O-PEDAG\u00d3GICA_VERSO-722x1024.jpg 722w, https:\/\/teresamarcelino.pt\/copia\/wp-content\/uploads\/2014\/09\/FORMA\u00c7\u00c3O-PEDAG\u00d3GICA_VERSO.jpg 1518w\" sizes=\"(max-width: 211px) 100vw, 211px\" \/><\/a><\/td>\n<\/tr>\n<tr>\n<td width=\"177\">N\u00ba de Certificado<\/td>\n<td width=\"399\">3092\/2009<\/td>\n<\/tr>\n<tr>\n<td width=\"177\">Nome da Organiza\u00e7\u00e3o de ensino ou forma\u00e7\u00e3o<\/td>\n<td width=\"399\">Nova Etapa<\/td>\n<\/tr>\n<tr>\n<td width=\"177\">Classifica\u00e7\u00e3o Obtida<\/td>\n<td width=\"399\">Muito Bom<\/td>\n<\/tr>\n<\/tbody>\n<\/table>\n","protected":false},"excerpt":{"rendered":"<p>Data 2017 Designa\u00e7\u00e3o da qualifica\u00e7\u00e3o atribu\u00edda Forma\u00e7\u00e3o Modular de 25 Horas: Ambiente, Seguran\u00e7a, Higiene e Sa\u00fade no Trabalho &nbsp; N\u00ba de Certificado 212\/2017 Nome da Organiza\u00e7\u00e3o de ensino ou forma\u00e7\u00e3o CENFIM \u2013Centro de Forma\u00e7\u00e3o Profissional da Ind\u00fastria Metal\u00fargica e Metalomec\u00e2nica Data 2016 Designa\u00e7\u00e3o da qualifica\u00e7\u00e3o atribu\u00edda Forma\u00e7\u00e3o Profissional: Marketing Digital&#8230; <a href=\"https:\/\/teresamarcelino.pt\/copia\/?page_id=91\"> Continue reading <span class=\"meta-nav\">&rarr; <\/span><\/a><\/p>\n","protected":false},"author":1,"featured_media":0,"parent":0,"menu_order":0,"comment_status":"open","ping_status":"open","template":"","meta":[],"_links":{"self":[{"href":"https:\/\/teresamarcelino.pt\/copia\/index.php?rest_route=\/wp\/v2\/pages\/91"}],"collection":[{"href":"https:\/\/teresamarcelino.pt\/copia\/index.php?rest_route=\/wp\/v2\/pages"}],"about":[{"href":"https:\/\/teresamarcelino.pt\/copia\/index.php?rest_route=\/wp\/v2\/types\/page"}],"author":[{"embeddable":true,"href":"https:\/\/teresamarcelino.pt\/copia\/index.php?rest_route=\/wp\/v2\/users\/1"}],"replies":[{"embeddable":true,"href":"https:\/\/teresamarcelino.pt\/copia\/index.php?rest_route=%2Fwp%2Fv2%2Fcomments&post=91"}],"version-history":[{"count":4,"href":"https:\/\/teresamarcelino.pt\/copia\/index.php?rest_route=\/wp\/v2\/pages\/91\/revisions"}],"predecessor-version":[{"id":166,"href":"https:\/\/teresamarcelino.pt\/copia\/index.php?rest_route=\/wp\/v2\/pages\/91\/revisions\/166"}],"wp:attachment":[{"href":"https:\/\/teresamarcelino.pt\/copia\/index.php?rest_route=%2Fwp%2Fv2%2Fmedia&parent=91"}],"curies":[{"name":"wp","href":"https:\/\/api.w.org\/{rel}","templated":true}]}}