{"id":13,"date":"2014-09-18T23:38:55","date_gmt":"2014-09-18T23:38:55","guid":{"rendered":"https:\/\/teresamarcelino.pt\/site\/?page_id=13"},"modified":"2025-11-02T09:02:39","modified_gmt":"2025-11-02T09:02:39","slug":"informacao-pessoal","status":"publish","type":"page","link":"https:\/\/teresamarcelino.pt\/site\/?page_id=13","title":{"rendered":"Informa\u00e7\u00e3o Pessoal"},"content":{"rendered":"\t\t<div data-elementor-type=\"wp-post\" data-elementor-id=\"13\" class=\"elementor elementor-13\">\n\t\t\t\t\t\t<section class=\"elementor-section elementor-top-section elementor-element elementor-element-a89e0f0 elementor-section-boxed elementor-section-height-default elementor-section-height-default\" data-id=\"a89e0f0\" data-element_type=\"section\">\n\t\t\t\t\t\t<div class=\"elementor-container elementor-column-gap-default\">\n\t\t\t\t\t<div class=\"elementor-column elementor-col-100 elementor-top-column elementor-element elementor-element-01fa25d\" data-id=\"01fa25d\" data-element_type=\"column\">\n\t\t\t<div class=\"elementor-widget-wrap elementor-element-populated\">\n\t\t\t\t\t\t<div class=\"elementor-element elementor-element-1171a17 elementor-tabs-view-horizontal elementor-widget elementor-widget-tabs\" data-id=\"1171a17\" data-element_type=\"widget\" data-widget_type=\"tabs.default\">\n\t\t\t\t<div class=\"elementor-widget-container\">\n\t\t\t\t\t\t\t<div class=\"elementor-tabs\">\n\t\t\t<div class=\"elementor-tabs-wrapper\" role=\"tablist\" >\n\t\t\t\t\t\t\t\t\t<div id=\"elementor-tab-title-1821\" class=\"elementor-tab-title elementor-tab-desktop-title\" aria-selected=\"true\" data-tab=\"1\" role=\"tab\" tabindex=\"0\" aria-controls=\"elementor-tab-content-1821\" aria-expanded=\"false\">Dados Pessoais<\/div>\n\t\t\t\t\t\t\t\t\t<div id=\"elementor-tab-title-1822\" class=\"elementor-tab-title elementor-tab-desktop-title\" aria-selected=\"false\" data-tab=\"2\" role=\"tab\" tabindex=\"-1\" aria-controls=\"elementor-tab-content-1822\" aria-expanded=\"false\">Dados Recrutamento Docente<\/div>\n\t\t\t\t\t\t\t\t\t<div id=\"elementor-tab-title-1823\" class=\"elementor-tab-title elementor-tab-desktop-title\" aria-selected=\"false\" data-tab=\"3\" role=\"tab\" tabindex=\"-1\" aria-controls=\"elementor-tab-content-1823\" aria-expanded=\"false\">Acredita\u00e7\u00f5es, Certifica\u00e7\u00f5es, C\u00e9dulas profissionais<\/div>\n\t\t\t\t\t\t\t<\/div>\n\t\t\t<div class=\"elementor-tabs-content-wrapper\" role=\"tablist\" aria-orientation=\"vertical\">\n\t\t\t\t\t\t\t\t\t<div class=\"elementor-tab-title elementor-tab-mobile-title\" aria-selected=\"true\" data-tab=\"1\" role=\"tab\" tabindex=\"0\" aria-controls=\"elementor-tab-content-1821\" aria-expanded=\"false\">Dados Pessoais<\/div>\n\t\t\t\t\t<div id=\"elementor-tab-content-1821\" class=\"elementor-tab-content elementor-clearfix\" data-tab=\"1\" role=\"tabpanel\" aria-labelledby=\"elementor-tab-title-1821\" tabindex=\"0\" hidden=\"false\"><p><strong>Nome<\/strong>: Teresa Maria Rodrigues Marcelino<\/p><p><strong>Data de Nascimento:<\/strong> 20 de Fevereiro de 1986<\/p><p><strong>E-mail:<\/strong><\/p><ul><li>teresarodriguesmarcelino@gmail.com<\/li><li>temarcelino@gmail.com<\/li><\/ul><\/div>\n\t\t\t\t\t\t\t\t\t<div class=\"elementor-tab-title elementor-tab-mobile-title\" aria-selected=\"false\" data-tab=\"2\" role=\"tab\" tabindex=\"-1\" aria-controls=\"elementor-tab-content-1822\" aria-expanded=\"false\">Dados Recrutamento Docente<\/div>\n\t\t\t\t\t<div id=\"elementor-tab-content-1822\" class=\"elementor-tab-content elementor-clearfix\" data-tab=\"2\" role=\"tabpanel\" aria-labelledby=\"elementor-tab-title-1822\" tabindex=\"0\" hidden=\"hidden\"><p><strong>C\u00f3digo de Recrutamento:<\/strong> 550 &#8211; Inform\u00e1tica<\/p><p><strong>Tempo de Servi\u00e7o antes da Profissionaliza\u00e7\u00e3o:<\/strong> 3514 dias<\/p><p><strong>C\u00f3digo DGAE:<\/strong> 5760932756\u00a0<\/p><!--a=1--><\/div>\n\t\t\t\t\t\t\t\t\t<div class=\"elementor-tab-title elementor-tab-mobile-title\" aria-selected=\"false\" data-tab=\"3\" role=\"tab\" tabindex=\"-1\" aria-controls=\"elementor-tab-content-1823\" aria-expanded=\"false\">Acredita\u00e7\u00f5es, Certifica\u00e7\u00f5es, C\u00e9dulas profissionais<\/div>\n\t\t\t\t\t<div id=\"elementor-tab-content-1823\" class=\"elementor-tab-content elementor-clearfix\" data-tab=\"3\" role=\"tabpanel\" aria-labelledby=\"elementor-tab-title-1823\" tabindex=\"0\" hidden=\"hidden\"><p><strong>CCP de Formador <\/strong>n\u00ba EDF 528405\/2010 DL<\/p><p><a href=\"https:\/\/teresamarcelino.pt\/site\/wp-content\/uploads\/2014\/09\/CAP.jpg\"><img fetchpriority=\"high\" decoding=\"async\" class=\"alignnone size-medium wp-image-44\" src=\"https:\/\/teresamarcelino.pt\/site\/wp-content\/uploads\/2014\/09\/CAP-217x300.jpg\" alt=\"\" width=\"217\" height=\"300\" srcset=\"https:\/\/teresamarcelino.pt\/site\/wp-content\/uploads\/2014\/09\/CAP-217x300.jpg 217w, https:\/\/teresamarcelino.pt\/site\/wp-content\/uploads\/2014\/09\/CAP-742x1024.jpg 742w, https:\/\/teresamarcelino.pt\/site\/wp-content\/uploads\/2014\/09\/CAP.jpg 1690w\" sizes=\"(max-width: 217px) 100vw, 217px\" \/><\/a><\/p><p><strong>Certificado de Compet\u00eancias Digitais <\/strong>n\u00ba 38431\/2011<\/p><p><a href=\"https:\/\/teresamarcelino.pt\/site\/wp-content\/uploads\/2014\/09\/COMPETENCIAS_DIGITAIS.jpg\"><img decoding=\"async\" class=\"alignnone size-medium wp-image-49\" src=\"https:\/\/teresamarcelino.pt\/site\/wp-content\/uploads\/2014\/09\/COMPETENCIAS_DIGITAIS-184x300.jpg\" alt=\"\" width=\"184\" height=\"300\" srcset=\"https:\/\/teresamarcelino.pt\/site\/wp-content\/uploads\/2014\/09\/COMPETENCIAS_DIGITAIS-184x300.jpg 184w, https:\/\/teresamarcelino.pt\/site\/wp-content\/uploads\/2014\/09\/COMPETENCIAS_DIGITAIS-628x1024.jpg 628w, https:\/\/teresamarcelino.pt\/site\/wp-content\/uploads\/2014\/09\/COMPETENCIAS_DIGITAIS.jpg 1248w\" sizes=\"(max-width: 184px) 100vw, 184px\" \/><\/a><\/p><p><strong>Certificado de Registo de Formador (Conselho Cient\u00edfico-Pedag\u00f3gico da Forma\u00e7\u00e3o Cont\u00ednua)<\/strong>, registo de acredita\u00e7\u00e3o CCPF\/RFO-39320\/19, nas \u00e1reas:<\/p><ul><li>Tecnologias e Comunica\u00e7\u00e3o Educativa<\/li><li>Tecnologias Educativas (Inform\u00e1tica\/ Aplica\u00e7\u00e3o da Inform\u00e1tica\/ Meios Audiovisuais)<\/li><\/ul><p><a href=\"https:\/\/teresamarcelino.pt\/site\/wp-content\/uploads\/2025\/11\/registo_formador.png\"><img decoding=\"async\" class=\"alignnone size-medium wp-image-388\" src=\"https:\/\/teresamarcelino.pt\/site\/wp-content\/uploads\/2025\/11\/registo_formador-297x300.png\" alt=\"\" width=\"297\" height=\"300\" srcset=\"https:\/\/teresamarcelino.pt\/site\/wp-content\/uploads\/2025\/11\/registo_formador-297x300.png 297w, https:\/\/teresamarcelino.pt\/site\/wp-content\/uploads\/2025\/11\/registo_formador-149x150.png 149w, https:\/\/teresamarcelino.pt\/site\/wp-content\/uploads\/2025\/11\/registo_formador.png 691w\" sizes=\"(max-width: 297px) 100vw, 297px\" \/><\/a><\/p><p><strong>Certificado de e-Formador<\/strong> (IEFP, 2024) \u2013 compet\u00eancias em conce\u00e7\u00e3o, dinamiza\u00e7\u00e3o e avalia\u00e7\u00e3o de forma\u00e7\u00e3o online.<\/p><p><a href=\"https:\/\/teresamarcelino.pt\/site\/wp-content\/uploads\/2025\/11\/e-formador.png\"><img loading=\"lazy\" decoding=\"async\" class=\"alignnone size-medium wp-image-389\" src=\"https:\/\/teresamarcelino.pt\/site\/wp-content\/uploads\/2025\/11\/e-formador-202x300.png\" alt=\"\" width=\"202\" height=\"300\" srcset=\"https:\/\/teresamarcelino.pt\/site\/wp-content\/uploads\/2025\/11\/e-formador-202x300.png 202w, https:\/\/teresamarcelino.pt\/site\/wp-content\/uploads\/2025\/11\/e-formador-101x150.png 101w, https:\/\/teresamarcelino.pt\/site\/wp-content\/uploads\/2025\/11\/e-formador.png 585w\" sizes=\"(max-width: 202px) 100vw, 202px\" \/><\/a><\/p><p><!--a=1--><\/p><p><!--a=1--><\/p><p><!--a=1--><\/p><!--a=1--><\/div>\n\t\t\t\t\t\t\t<\/div>\n\t\t<\/div>\n\t\t\t\t\t\t<\/div>\n\t\t\t\t<\/div>\n\t\t\t\t\t<\/div>\n\t\t<\/div>\n\t\t\t\t\t<\/div>\n\t\t<\/section>\n\t\t\t\t<\/div>\n\t\t","protected":false},"excerpt":{"rendered":"<p>Dados Pessoais Dados Recrutamento Docente Acredita\u00e7\u00f5es, Certifica\u00e7\u00f5es, C\u00e9dulas profissionais Dados Pessoais Nome: Teresa Maria Rodrigues Marcelino Data de Nascimento: 20 de Fevereiro de 1986 E-mail: teresarodriguesmarcelino@gmail.com temarcelino@gmail.com Dados Recrutamento Docente C\u00f3digo de Recrutamento: 550 &#8211; Inform\u00e1tica Tempo de Servi\u00e7o antes da Profissionaliza\u00e7\u00e3o: 3514 dias C\u00f3digo DGAE: 5760932756\u00a0 Acredita\u00e7\u00f5es, Certifica\u00e7\u00f5es, C\u00e9dulas&#8230; <a href=\"https:\/\/teresamarcelino.pt\/site\/?page_id=13\"> Continue reading <span class=\"meta-nav\">&rarr; <\/span><\/a><\/p>\n","protected":false},"author":1,"featured_media":0,"parent":0,"menu_order":0,"comment_status":"closed","ping_status":"open","template":"","meta":{"footnotes":""},"class_list":["post-13","page","type-page","status-publish","hentry"],"_links":{"self":[{"href":"https:\/\/teresamarcelino.pt\/site\/index.php?rest_route=\/wp\/v2\/pages\/13","targetHints":{"allow":["GET"]}}],"collection":[{"href":"https:\/\/teresamarcelino.pt\/site\/index.php?rest_route=\/wp\/v2\/pages"}],"about":[{"href":"https:\/\/teresamarcelino.pt\/site\/index.php?rest_route=\/wp\/v2\/types\/page"}],"author":[{"embeddable":true,"href":"https:\/\/teresamarcelino.pt\/site\/index.php?rest_route=\/wp\/v2\/users\/1"}],"replies":[{"embeddable":true,"href":"https:\/\/teresamarcelino.pt\/site\/index.php?rest_route=%2Fwp%2Fv2%2Fcomments&post=13"}],"version-history":[{"count":41,"href":"https:\/\/teresamarcelino.pt\/site\/index.php?rest_route=\/wp\/v2\/pages\/13\/revisions"}],"predecessor-version":[{"id":395,"href":"https:\/\/teresamarcelino.pt\/site\/index.php?rest_route=\/wp\/v2\/pages\/13\/revisions\/395"}],"wp:attachment":[{"href":"https:\/\/teresamarcelino.pt\/site\/index.php?rest_route=%2Fwp%2Fv2%2Fmedia&parent=13"}],"curies":[{"name":"wp","href":"https:\/\/api.w.org\/{rel}","templated":true}]}}