{"id":91,"date":"2014-09-19T10:55:10","date_gmt":"2014-09-19T10:55:10","guid":{"rendered":"https:\/\/teresamarcelino.pt\/site\/?page_id=91"},"modified":"2025-11-02T10:34:11","modified_gmt":"2025-11-02T10:34:11","slug":"profissional","status":"publish","type":"page","link":"https:\/\/teresamarcelino.pt\/site\/?page_id=91","title":{"rendered":"Profissional"},"content":{"rendered":"\t\t<div data-elementor-type=\"wp-page\" data-elementor-id=\"91\" class=\"elementor elementor-91\">\n\t\t\t\t\t\t<section class=\"elementor-section elementor-top-section elementor-element elementor-element-5483e170 elementor-section-boxed elementor-section-height-default elementor-section-height-default\" data-id=\"5483e170\" data-element_type=\"section\">\n\t\t\t\t\t\t<div class=\"elementor-container elementor-column-gap-default\">\n\t\t\t\t\t<div class=\"elementor-column elementor-col-100 elementor-top-column elementor-element elementor-element-3f5376fb\" data-id=\"3f5376fb\" data-element_type=\"column\">\n\t\t\t<div class=\"elementor-widget-wrap elementor-element-populated\">\n\t\t\t\t\t\t<div class=\"elementor-element elementor-element-5913a772 elementor-widget__width-initial elementor-widget elementor-widget-text-editor\" data-id=\"5913a772\" data-element_type=\"widget\" data-widget_type=\"text-editor.default\">\n\t\t\t\t<div class=\"elementor-widget-container\">\n\t\t\t\t\t\t\t\t\t<table width=\"576\"><tbody><tr><td width=\"177\">Data<\/td><td width=\"399\">2017<\/td><\/tr><tr><td width=\"177\">Designa\u00e7\u00e3o da qualifica\u00e7\u00e3o atribu\u00edda<\/td><td width=\"399\"><p>Forma\u00e7\u00e3o Modular de 25 Horas: Ambiente, Seguran\u00e7a, Higiene e Sa\u00fade no Trabalho<\/p><p><a href=\"https:\/\/teresamarcelino.pt\/site\/wp-content\/uploads\/2025\/11\/certificado-1.jpeg\"><img fetchpriority=\"high\" decoding=\"async\" class=\"alignnone size-medium wp-image-425\" src=\"https:\/\/teresamarcelino.pt\/site\/wp-content\/uploads\/2025\/11\/certificado-1-218x300.jpeg\" alt=\"\" width=\"218\" height=\"300\" srcset=\"https:\/\/teresamarcelino.pt\/site\/wp-content\/uploads\/2025\/11\/certificado-1-218x300.jpeg 218w, https:\/\/teresamarcelino.pt\/site\/wp-content\/uploads\/2025\/11\/certificado-1-745x1024.jpeg 745w, https:\/\/teresamarcelino.pt\/site\/wp-content\/uploads\/2025\/11\/certificado-1-768x1056.jpeg 768w, https:\/\/teresamarcelino.pt\/site\/wp-content\/uploads\/2025\/11\/certificado-1-1117x1536.jpeg 1117w, https:\/\/teresamarcelino.pt\/site\/wp-content\/uploads\/2025\/11\/certificado-1-1489x2048.jpeg 1489w, https:\/\/teresamarcelino.pt\/site\/wp-content\/uploads\/2025\/11\/certificado-1-109x150.jpeg 109w, https:\/\/teresamarcelino.pt\/site\/wp-content\/uploads\/2025\/11\/certificado-1.jpeg 1700w\" sizes=\"(max-width: 218px) 100vw, 218px\" \/><\/a><\/p><\/td><\/tr><tr><td width=\"177\">N\u00ba de Certificado<\/td><td width=\"399\">212\/2017<\/td><\/tr><tr><td width=\"177\">Nome da Organiza\u00e7\u00e3o de ensino ou forma\u00e7\u00e3o<\/td><td width=\"399\">CENFIM \u2013Centro de Forma\u00e7\u00e3o Profissional da Ind\u00fastria Metal\u00fargica e Metalomec\u00e2nica<\/td><\/tr><\/tbody><\/table><table width=\"576\"><tbody><tr><td width=\"177\">Data<\/td><td width=\"399\">2016<\/td><\/tr><tr><td width=\"177\">Designa\u00e7\u00e3o da qualifica\u00e7\u00e3o atribu\u00edda<\/td><td width=\"399\"><p>Forma\u00e7\u00e3o Profissional: Marketing Digital e Comunica\u00e7\u00e3o Online<\/p><p><a href=\"https:\/\/teresamarcelino.pt\/site\/wp-content\/uploads\/2025\/11\/aip.png\"><img decoding=\"async\" class=\"alignnone size-medium wp-image-405\" src=\"https:\/\/teresamarcelino.pt\/site\/wp-content\/uploads\/2025\/11\/aip-218x300.png\" alt=\"\" width=\"218\" height=\"300\" srcset=\"https:\/\/teresamarcelino.pt\/site\/wp-content\/uploads\/2025\/11\/aip-218x300.png 218w, https:\/\/teresamarcelino.pt\/site\/wp-content\/uploads\/2025\/11\/aip-109x150.png 109w, https:\/\/teresamarcelino.pt\/site\/wp-content\/uploads\/2025\/11\/aip.png 567w\" sizes=\"(max-width: 218px) 100vw, 218px\" \/><\/a><\/p><\/td><\/tr><tr><td width=\"177\">N\u00ba de Certificado<\/td><td width=\"399\">34\/2016<\/td><\/tr><tr><td width=\"177\">Nome da Organiza\u00e7\u00e3o de ensino ou forma\u00e7\u00e3o<\/td><td width=\"399\"><p>AIP &#8211; Associa\u00e7\u00e3o Industrial Portuguesa<\/p><\/td><\/tr><\/tbody><\/table><table width=\"576\"><tbody><tr><td width=\"177\">Data<\/td><td width=\"399\">2014<\/td><\/tr><tr><td width=\"177\">Designa\u00e7\u00e3o da qualifica\u00e7\u00e3o atribu\u00edda<\/td><td width=\"399\"><p>Forma\u00e7\u00e3o Modular de 25 Horas:Distribui\u00e7\u00e3o e comercializa\u00e7\u00e3o de produtos fitofarmac\u00eauticos<\/p><p><a href=\"https:\/\/teresamarcelino.pt\/site\/wp-content\/uploads\/2025\/11\/produtos_fito.jpg\"><img decoding=\"async\" class=\"alignnone size-medium wp-image-406\" src=\"https:\/\/teresamarcelino.pt\/site\/wp-content\/uploads\/2025\/11\/produtos_fito-212x300.jpg\" alt=\"\" width=\"212\" height=\"300\" srcset=\"https:\/\/teresamarcelino.pt\/site\/wp-content\/uploads\/2025\/11\/produtos_fito-212x300.jpg 212w, https:\/\/teresamarcelino.pt\/site\/wp-content\/uploads\/2025\/11\/produtos_fito-724x1024.jpg 724w, https:\/\/teresamarcelino.pt\/site\/wp-content\/uploads\/2025\/11\/produtos_fito-768x1086.jpg 768w, https:\/\/teresamarcelino.pt\/site\/wp-content\/uploads\/2025\/11\/produtos_fito-1087x1536.jpg 1087w, https:\/\/teresamarcelino.pt\/site\/wp-content\/uploads\/2025\/11\/produtos_fito-1449x2048.jpg 1449w, https:\/\/teresamarcelino.pt\/site\/wp-content\/uploads\/2025\/11\/produtos_fito-106x150.jpg 106w, https:\/\/teresamarcelino.pt\/site\/wp-content\/uploads\/2025\/11\/produtos_fito.jpg 1654w\" sizes=\"(max-width: 212px) 100vw, 212px\" \/><\/a><\/p><\/td><\/tr><tr><td width=\"177\">N\u00ba de Certificado<\/td><td width=\"399\">1200\/2014<\/td><\/tr><tr><td width=\"177\">Nome da Organiza\u00e7\u00e3o de ensino ou forma\u00e7\u00e3o<\/td><td width=\"399\">CAP &#8211; Agricultores Portugueses<\/td><\/tr><\/tbody><\/table><table width=\"576\"><tbody><tr><td width=\"177\">Data<\/td><td width=\"399\">2013<\/td><\/tr><tr><td width=\"177\">Designa\u00e7\u00e3o da qualifica\u00e7\u00e3o atribu\u00edda<\/td><td width=\"399\"><p>Forma\u00e7\u00e3o Modular de 50 Horas: L\u00edngua Inglesa \u2013 servi\u00e7o de rece\u00e7\u00e3o, atendimento e informa\u00e7\u00e3o tur\u00edstica<\/p><p><a href=\"https:\/\/teresamarcelino.pt\/site\/wp-content\/uploads\/2014\/09\/INGL\u00caS.jpg\"><img loading=\"lazy\" decoding=\"async\" class=\"alignnone size-medium wp-image-61\" src=\"https:\/\/teresamarcelino.pt\/site\/wp-content\/uploads\/2014\/09\/INGL\u00caS-216x300.jpg\" alt=\"INGL\u00caS\" width=\"216\" height=\"300\" srcset=\"https:\/\/teresamarcelino.pt\/site\/wp-content\/uploads\/2014\/09\/INGL\u00caS-216x300.jpg 216w, https:\/\/teresamarcelino.pt\/site\/wp-content\/uploads\/2014\/09\/INGL\u00caS-738x1024.jpg 738w\" sizes=\"(max-width: 216px) 100vw, 216px\" \/><\/a><\/p><\/td><\/tr><tr><td width=\"177\">N\u00ba de Certificado<\/td><td width=\"399\">441\/2013<\/td><\/tr><tr><td width=\"177\">Nome da Organiza\u00e7\u00e3o de ensino ou forma\u00e7\u00e3o<\/td><td width=\"399\">CENFIM \u2013Centro de Forma\u00e7\u00e3o Profissional da Ind\u00fastria Metal\u00fargica e Metalomec\u00e2nica<\/td><\/tr><tr><td width=\"177\">\u00a0<\/td><td width=\"399\">\u00a0<\/td><\/tr><tr><td width=\"177\">Data<\/td><td width=\"399\">2009 (26 de Setembro a 14 de Novembro)<\/td><\/tr><tr><td width=\"177\">Designa\u00e7\u00e3o da qualifica\u00e7\u00e3o atribu\u00edda<\/td><td width=\"399\"><p>Forma\u00e7\u00e3o Profissional Pedag\u00f3gica de Formadores a Dist\u00e2ncia<\/p><p><a href=\"https:\/\/teresamarcelino.pt\/site\/wp-content\/uploads\/2014\/09\/FORMA\u00c7\u00c3O_PEDAGOGICA_FRENTE.jpg\"><img loading=\"lazy\" decoding=\"async\" class=\"alignnone size-medium wp-image-55\" src=\"https:\/\/teresamarcelino.pt\/site\/wp-content\/uploads\/2014\/09\/FORMA\u00c7\u00c3O_PEDAGOGICA_FRENTE-212x300.jpg\" alt=\"FORMA\u00c7\u00c3O_PEDAGOGICA_FRENTE\" width=\"212\" height=\"300\" srcset=\"https:\/\/teresamarcelino.pt\/site\/wp-content\/uploads\/2014\/09\/FORMA\u00c7\u00c3O_PEDAGOGICA_FRENTE-212x300.jpg 212w, https:\/\/teresamarcelino.pt\/site\/wp-content\/uploads\/2014\/09\/FORMA\u00c7\u00c3O_PEDAGOGICA_FRENTE-724x1024.jpg 724w, https:\/\/teresamarcelino.pt\/site\/wp-content\/uploads\/2014\/09\/FORMA\u00c7\u00c3O_PEDAGOGICA_FRENTE.jpg 1523w\" sizes=\"(max-width: 212px) 100vw, 212px\" \/><\/a> <a href=\"https:\/\/teresamarcelino.pt\/site\/wp-content\/uploads\/2014\/09\/FORMA\u00c7\u00c3O-PEDAG\u00d3GICA_VERSO.jpg\"><img loading=\"lazy\" decoding=\"async\" class=\"alignnone size-medium wp-image-54\" src=\"https:\/\/teresamarcelino.pt\/site\/wp-content\/uploads\/2014\/09\/FORMA\u00c7\u00c3O-PEDAG\u00d3GICA_VERSO-211x300.jpg\" alt=\"FORMA\u00c7\u00c3O PEDAG\u00d3GICA_VERSO\" width=\"211\" height=\"300\" srcset=\"https:\/\/teresamarcelino.pt\/site\/wp-content\/uploads\/2014\/09\/FORMA\u00c7\u00c3O-PEDAG\u00d3GICA_VERSO-211x300.jpg 211w, https:\/\/teresamarcelino.pt\/site\/wp-content\/uploads\/2014\/09\/FORMA\u00c7\u00c3O-PEDAG\u00d3GICA_VERSO-722x1024.jpg 722w, https:\/\/teresamarcelino.pt\/site\/wp-content\/uploads\/2014\/09\/FORMA\u00c7\u00c3O-PEDAG\u00d3GICA_VERSO.jpg 1518w\" sizes=\"(max-width: 211px) 100vw, 211px\" \/><\/a><\/p><\/td><\/tr><tr><td width=\"177\">N\u00ba de Certificado<\/td><td width=\"399\">3092\/2009<\/td><\/tr><tr><td width=\"177\">Nome da Organiza\u00e7\u00e3o de ensino ou forma\u00e7\u00e3o<\/td><td width=\"399\">Nova Etapa<\/td><\/tr><tr><td width=\"177\">Classifica\u00e7\u00e3o Obtida<\/td><td width=\"399\">Muito Bom<\/td><\/tr><\/tbody><\/table><p><!--a=1--><\/p><p><!--a=1--><\/p><p><!--a=1--><\/p><!--a=1-->\t\t\t\t\t\t\t\t<\/div>\n\t\t\t\t<\/div>\n\t\t\t\t\t<\/div>\n\t\t<\/div>\n\t\t\t\t\t<\/div>\n\t\t<\/section>\n\t\t\t\t<\/div>\n\t\t","protected":false},"excerpt":{"rendered":"<p>Data 2017 Designa\u00e7\u00e3o da qualifica\u00e7\u00e3o atribu\u00edda Forma\u00e7\u00e3o Modular de 25 Horas: Ambiente, Seguran\u00e7a, Higiene e Sa\u00fade no Trabalho N\u00ba de Certificado 212\/2017 Nome da Organiza\u00e7\u00e3o de ensino ou forma\u00e7\u00e3o CENFIM \u2013Centro de Forma\u00e7\u00e3o Profissional da Ind\u00fastria Metal\u00fargica e Metalomec\u00e2nica Data 2016 Designa\u00e7\u00e3o da qualifica\u00e7\u00e3o atribu\u00edda Forma\u00e7\u00e3o Profissional: Marketing Digital e&#8230; <a href=\"https:\/\/teresamarcelino.pt\/site\/?page_id=91\"> Continue reading <span class=\"meta-nav\">&rarr; <\/span><\/a><\/p>\n","protected":false},"author":1,"featured_media":0,"parent":0,"menu_order":0,"comment_status":"closed","ping_status":"open","template":"","meta":{"footnotes":""},"class_list":["post-91","page","type-page","status-publish","hentry"],"_links":{"self":[{"href":"https:\/\/teresamarcelino.pt\/site\/index.php?rest_route=\/wp\/v2\/pages\/91","targetHints":{"allow":["GET"]}}],"collection":[{"href":"https:\/\/teresamarcelino.pt\/site\/index.php?rest_route=\/wp\/v2\/pages"}],"about":[{"href":"https:\/\/teresamarcelino.pt\/site\/index.php?rest_route=\/wp\/v2\/types\/page"}],"author":[{"embeddable":true,"href":"https:\/\/teresamarcelino.pt\/site\/index.php?rest_route=\/wp\/v2\/users\/1"}],"replies":[{"embeddable":true,"href":"https:\/\/teresamarcelino.pt\/site\/index.php?rest_route=%2Fwp%2Fv2%2Fcomments&post=91"}],"version-history":[{"count":27,"href":"https:\/\/teresamarcelino.pt\/site\/index.php?rest_route=\/wp\/v2\/pages\/91\/revisions"}],"predecessor-version":[{"id":428,"href":"https:\/\/teresamarcelino.pt\/site\/index.php?rest_route=\/wp\/v2\/pages\/91\/revisions\/428"}],"wp:attachment":[{"href":"https:\/\/teresamarcelino.pt\/site\/index.php?rest_route=%2Fwp%2Fv2%2Fmedia&parent=91"}],"curies":[{"name":"wp","href":"https:\/\/api.w.org\/{rel}","templated":true}]}}