{"id":94,"date":"2014-09-19T10:55:21","date_gmt":"2014-09-19T10:55:21","guid":{"rendered":"https:\/\/teresamarcelino.pt\/site\/?page_id=94"},"modified":"2025-11-02T10:34:56","modified_gmt":"2025-11-02T10:34:56","slug":"ao-longo-da-vida","status":"publish","type":"page","link":"https:\/\/teresamarcelino.pt\/site\/?page_id=94","title":{"rendered":"Ao Longo da Vida"},"content":{"rendered":"<table width=\"576\">\n<tbody>\n<tr>\n<td width=\"177\">Dura\u00e7\u00e3o\/ Data<\/td>\n<td width=\"399\">6 horas\/ 26-10-2013<\/td>\n<\/tr>\n<tr>\n<td width=\"177\">Designa\u00e7\u00e3o da Ac\u00e3o<\/td>\n<td width=\"399\">Workshop: \u201cConstru\u00e7\u00e3o de Portef\u00f3lios Profissionais para Ofertas de Escola e Forma\u00e7\u00e3o\u201d<\/p>\n<p><a href=\"https:\/\/teresamarcelino.pt\/site\/wp-content\/uploads\/2014\/09\/WORKSHOP_PORTEFOLIOS-e1411641857457.jpg\"><img fetchpriority=\"high\" decoding=\"async\" class=\"alignnone size-medium wp-image-69\" src=\"https:\/\/teresamarcelino.pt\/site\/wp-content\/uploads\/2014\/09\/WORKSHOP_PORTEFOLIOS-e1411641857457-300x216.jpg\" alt=\"WORKSHOP_PORTEFOLIOS\" width=\"300\" height=\"216\" srcset=\"https:\/\/teresamarcelino.pt\/site\/wp-content\/uploads\/2014\/09\/WORKSHOP_PORTEFOLIOS-e1411641857457-300x216.jpg 300w, https:\/\/teresamarcelino.pt\/site\/wp-content\/uploads\/2014\/09\/WORKSHOP_PORTEFOLIOS-e1411641857457-1024x738.jpg 1024w, https:\/\/teresamarcelino.pt\/site\/wp-content\/uploads\/2014\/09\/WORKSHOP_PORTEFOLIOS-e1411641857457-207x150.jpg 207w, https:\/\/teresamarcelino.pt\/site\/wp-content\/uploads\/2014\/09\/WORKSHOP_PORTEFOLIOS-e1411641857457-150x108.jpg 150w\" sizes=\"(max-width: 300px) 100vw, 300px\" \/><\/a><\/td>\n<\/tr>\n<tr>\n<td width=\"177\">Entidade Promotora<\/td>\n<td width=\"399\">Forma-te<\/td>\n<\/tr>\n<tr>\n<td width=\"177\">&nbsp;<\/p>\n<p>&nbsp;<\/td>\n<td width=\"399\"><\/td>\n<\/tr>\n<tr>\n<td width=\"177\">Dura\u00e7\u00e3o\/ Data<\/td>\n<td width=\"399\">15 horas\/ 15- 06- 2012 a 16-06-2012<\/td>\n<\/tr>\n<tr>\n<td width=\"177\">Designa\u00e7\u00e3o da Ac\u00e3o<\/td>\n<td width=\"399\">Semin\u00e1rio: \u201cG550 \u2013 Partilha de Boas Pr\u00e1ticas e Experi\u00eancias no Grupo de Inform\u00e1tica\u201d<\/p>\n<p><a href=\"https:\/\/teresamarcelino.pt\/site\/wp-content\/uploads\/2014\/09\/BOAS_PRATICAS.jpg\"><img decoding=\"async\" class=\"alignnone size-medium wp-image-43\" src=\"https:\/\/teresamarcelino.pt\/site\/wp-content\/uploads\/2014\/09\/BOAS_PRATICAS-216x300.jpg\" alt=\"BOAS_PRATICAS\" width=\"216\" height=\"300\" srcset=\"https:\/\/teresamarcelino.pt\/site\/wp-content\/uploads\/2014\/09\/BOAS_PRATICAS-216x300.jpg 216w, https:\/\/teresamarcelino.pt\/site\/wp-content\/uploads\/2014\/09\/BOAS_PRATICAS-738x1024.jpg 738w\" sizes=\"(max-width: 216px) 100vw, 216px\" \/><\/a><\/td>\n<\/tr>\n<tr>\n<td width=\"177\">Entidade Promotora<\/td>\n<td width=\"399\">Centro de Forma\u00e7\u00e3o de Escolas Ant\u00f3nio S\u00e9rgio<\/td>\n<\/tr>\n<tr>\n<td width=\"177\">Cr\u00e9ditos Atribu\u00eddos<\/td>\n<td width=\"399\">0.6 cr\u00e9ditos<\/td>\n<\/tr>\n<tr>\n<td width=\"177\">&nbsp;<\/p>\n<p>&nbsp;<\/td>\n<td width=\"399\"><\/td>\n<\/tr>\n<tr>\n<td width=\"177\">Dura\u00e7\u00e3o\/ Data<\/td>\n<td width=\"399\">27 horas\/ 07- 05- 2009 a 14-05-2009<\/td>\n<\/tr>\n<tr>\n<td width=\"177\">Designa\u00e7\u00e3o da Ac\u00e3o<\/td>\n<td width=\"399\">Semin\u00e1rio: \u201cdo presencial \u00e0 dist\u00e2ncia \u2013 conceitos e pr\u00e1ticas\u201d com workshop e oficina de e-Teaching<\/p>\n<p><a href=\"https:\/\/teresamarcelino.pt\/site\/wp-content\/uploads\/2014\/09\/SEMINARIO_GESTAO-e1411641936515.jpg\"><img decoding=\"async\" class=\"alignnone size-medium wp-image-65\" src=\"https:\/\/teresamarcelino.pt\/site\/wp-content\/uploads\/2014\/09\/SEMINARIO_GESTAO-e1411641936515-300x215.jpg\" alt=\"SEMINARIO_GESTAO\" width=\"300\" height=\"215\" srcset=\"https:\/\/teresamarcelino.pt\/site\/wp-content\/uploads\/2014\/09\/SEMINARIO_GESTAO-e1411641936515-300x215.jpg 300w, https:\/\/teresamarcelino.pt\/site\/wp-content\/uploads\/2014\/09\/SEMINARIO_GESTAO-e1411641936515-1024x734.jpg 1024w, https:\/\/teresamarcelino.pt\/site\/wp-content\/uploads\/2014\/09\/SEMINARIO_GESTAO-e1411641936515-209x150.jpg 209w, https:\/\/teresamarcelino.pt\/site\/wp-content\/uploads\/2014\/09\/SEMINARIO_GESTAO-e1411641936515-150x107.jpg 150w, https:\/\/teresamarcelino.pt\/site\/wp-content\/uploads\/2014\/09\/SEMINARIO_GESTAO-e1411641936515.jpg 1888w\" sizes=\"(max-width: 300px) 100vw, 300px\" \/><\/a><\/td>\n<\/tr>\n<tr>\n<td width=\"177\">Entidade Promotora<\/td>\n<td width=\"399\">Escola Superior de Gest\u00e3o de Santar\u00e9m<\/td>\n<\/tr>\n<tr>\n<td width=\"177\">Cr\u00e9ditos Atribu\u00eddos<\/td>\n<td width=\"399\">1 cr\u00e9dito<\/td>\n<\/tr>\n<tr>\n<td width=\"177\">&nbsp;<\/p>\n<p>&nbsp;<\/td>\n<td width=\"399\"><\/td>\n<\/tr>\n<tr>\n<td width=\"177\">Data<\/td>\n<td width=\"399\">16- 04- 2008<\/td>\n<\/tr>\n<tr>\n<td width=\"177\">Designa\u00e7\u00e3o da Ac\u00e3o<\/td>\n<td width=\"399\">II Semin\u00e1rio: \u201cEduca\u00e7\u00e3o, Empreendedorismo e Inova\u00e7\u00e3o\u201d<\/p>\n<p><a href=\"https:\/\/teresamarcelino.pt\/site\/wp-content\/uploads\/2014\/09\/SEMINARIO_EMPREENDEDORISMO_BEJA-e1411641980228.jpg\"><img loading=\"lazy\" decoding=\"async\" class=\"alignnone size-medium wp-image-63\" src=\"https:\/\/teresamarcelino.pt\/site\/wp-content\/uploads\/2014\/09\/SEMINARIO_EMPREENDEDORISMO_BEJA-e1411641980228-300x216.jpg\" alt=\"SEMINARIO_EMPREENDEDORISMO_BEJA\" width=\"300\" height=\"216\" srcset=\"https:\/\/teresamarcelino.pt\/site\/wp-content\/uploads\/2014\/09\/SEMINARIO_EMPREENDEDORISMO_BEJA-e1411641980228-300x216.jpg 300w, https:\/\/teresamarcelino.pt\/site\/wp-content\/uploads\/2014\/09\/SEMINARIO_EMPREENDEDORISMO_BEJA-e1411641980228-1024x738.jpg 1024w, https:\/\/teresamarcelino.pt\/site\/wp-content\/uploads\/2014\/09\/SEMINARIO_EMPREENDEDORISMO_BEJA-e1411641980228-207x150.jpg 207w, https:\/\/teresamarcelino.pt\/site\/wp-content\/uploads\/2014\/09\/SEMINARIO_EMPREENDEDORISMO_BEJA-e1411641980228-150x108.jpg 150w\" sizes=\"(max-width: 300px) 100vw, 300px\" \/><\/a><\/td>\n<\/tr>\n<tr>\n<td width=\"177\">Entidade Promotora<\/td>\n<td width=\"399\">Escola Superior de Educa\u00e7\u00e3o de Beja<\/td>\n<\/tr>\n<\/tbody>\n<\/table>\n","protected":false},"excerpt":{"rendered":"<p>Dura\u00e7\u00e3o\/ Data 6 horas\/ 26-10-2013 Designa\u00e7\u00e3o da Ac\u00e3o Workshop: \u201cConstru\u00e7\u00e3o de Portef\u00f3lios Profissionais para Ofertas de Escola e Forma\u00e7\u00e3o\u201d Entidade Promotora Forma-te &nbsp; &nbsp; Dura\u00e7\u00e3o\/ Data 15 horas\/ 15- 06- 2012 a 16-06-2012 Designa\u00e7\u00e3o da Ac\u00e3o Semin\u00e1rio: \u201cG550 \u2013 Partilha de Boas Pr\u00e1ticas e Experi\u00eancias no Grupo de Inform\u00e1tica\u201d Entidade&#8230; <a href=\"https:\/\/teresamarcelino.pt\/site\/?page_id=94\"> Continue reading <span class=\"meta-nav\">&rarr; <\/span><\/a><\/p>\n","protected":false},"author":1,"featured_media":0,"parent":0,"menu_order":0,"comment_status":"closed","ping_status":"open","template":"","meta":{"footnotes":""},"class_list":["post-94","page","type-page","status-publish","hentry"],"_links":{"self":[{"href":"https:\/\/teresamarcelino.pt\/site\/index.php?rest_route=\/wp\/v2\/pages\/94","targetHints":{"allow":["GET"]}}],"collection":[{"href":"https:\/\/teresamarcelino.pt\/site\/index.php?rest_route=\/wp\/v2\/pages"}],"about":[{"href":"https:\/\/teresamarcelino.pt\/site\/index.php?rest_route=\/wp\/v2\/types\/page"}],"author":[{"embeddable":true,"href":"https:\/\/teresamarcelino.pt\/site\/index.php?rest_route=\/wp\/v2\/users\/1"}],"replies":[{"embeddable":true,"href":"https:\/\/teresamarcelino.pt\/site\/index.php?rest_route=%2Fwp%2Fv2%2Fcomments&post=94"}],"version-history":[{"count":3,"href":"https:\/\/teresamarcelino.pt\/site\/index.php?rest_route=\/wp\/v2\/pages\/94\/revisions"}],"predecessor-version":[{"id":144,"href":"https:\/\/teresamarcelino.pt\/site\/index.php?rest_route=\/wp\/v2\/pages\/94\/revisions\/144"}],"wp:attachment":[{"href":"https:\/\/teresamarcelino.pt\/site\/index.php?rest_route=%2Fwp%2Fv2%2Fmedia&parent=94"}],"curies":[{"name":"wp","href":"https:\/\/api.w.org\/{rel}","templated":true}]}}